{"id":13,"date":"2022-01-07T11:00:44","date_gmt":"2022-01-07T10:00:44","guid":{"rendered":"http:\/\/www.ecoledelapaix.org\/wordpress\/?page_id=13"},"modified":"2023-03-28T12:26:07","modified_gmt":"2023-03-28T10:26:07","slug":"qui-sommes-nous","status":"publish","type":"page","link":"https:\/\/www.ecoledelapaix.org\/wordpress\/qui-sommes-nous\/","title":{"rendered":"Qui sommes-nous ?"},"content":{"rendered":"\n<div class=\"wp-block-cover alignfull is-light\" style=\"min-height:140px;aspect-ratio:unset;\"><span aria-hidden=\"true\" class=\"wp-block-cover__background has-background-dim\"><\/span><img decoding=\"async\" width=\"1280\" height=\"720\" class=\"wp-block-cover__image-background wp-image-125 lazyload\" alt=\"\" data-src=\"https:\/\/www.ecoledelapaix.org\/wordpress\/wp-content\/uploads\/2022\/01\/colombes-.jpg\" data-object-fit=\"cover\" data-srcset=\"https:\/\/www.ecoledelapaix.org\/wordpress\/wp-content\/uploads\/2022\/01\/colombes-.jpg 1280w, https:\/\/www.ecoledelapaix.org\/wordpress\/wp-content\/uploads\/2022\/01\/colombes--300x169.jpg 300w, https:\/\/www.ecoledelapaix.org\/wordpress\/wp-content\/uploads\/2022\/01\/colombes--1024x576.jpg 1024w, https:\/\/www.ecoledelapaix.org\/wordpress\/wp-content\/uploads\/2022\/01\/colombes--768x432.jpg 768w\" data-sizes=\"(max-width: 1280px) 100vw, 1280px\" src=\"data:image\/svg+xml;base64,PHN2ZyB3aWR0aD0iMSIgaGVpZ2h0PSIxIiB4bWxucz0iaHR0cDovL3d3dy53My5vcmcvMjAwMC9zdmciPjwvc3ZnPg==\" style=\"--smush-placeholder-width: 1280px; --smush-placeholder-aspect-ratio: 1280\/720;\" \/><div class=\"wp-block-cover__inner-container is-layout-flow wp-block-cover-is-layout-flow\">\n<p class=\"has-text-align-center has-white-color has-text-color has-large-font-size\"><strong>L&rsquo;\u00c9cole de la paix<\/strong><\/p>\n<\/div><\/div>\n\n\n\n<div class=\"wp-block-group is-layout-flow wp-block-group-is-layout-flow\">\n<div class=\"wp-block-columns is-layout-flex wp-container-core-columns-is-layout-28f84493 wp-block-columns-is-layout-flex\">\n<div class=\"wp-block-column is-layout-flow wp-block-column-is-layout-flow\" style=\"flex-basis:66.66%\">\n<div style=\"height:20px\" aria-hidden=\"true\" class=\"wp-block-spacer\"><\/div>\n\n\n\n<p>Depuis 1998, L&rsquo;<strong>\u00e9cole de la paix<\/strong> se consacre \u00e0 la promotion d\u2019une culture de la <strong>paix<\/strong> et du <strong>vivre ensemble<\/strong>.<\/p>\n\n\n\n<p>L\u2019association a \u00e9t\u00e9 cr\u00e9\u00e9e en 1998 \u00e0 l\u2019initiative de <strong>Richard P\u00e9tris<\/strong>, sous forme d\u2019association loi 1901, par des citoyens engag\u00e9s entour\u00e9s&nbsp;<a data-type=\"URL\" data-id=\"https:\/\/www.ecoledelapaix.org\/wordpress\/partenaires\" href=\"https:\/\/www.ecoledelapaix.org\/wordpress\/partenaires\" target=\"_blank\" rel=\"noreferrer noopener\">d\u2019institutionnels et de parrains prestigieux<\/a>.<\/p>\n\n\n\n<p>Elle r\u00e9unit aujourd\u2019hui 200 adh\u00e9rents ainsi que de nombreux b\u00e9n\u00e9voles et des&nbsp;<a href=\"https:\/\/www.ecoledelapaix.org\/spip.php?article5\">permanents<\/a>. Le&nbsp;<a href=\"https:\/\/www.ecoledelapaix.org\/IMG\/pdf\/2019-ca_et_bureau.pdf\">conseil d\u2019administration<\/a>&nbsp;est compos\u00e9 de 20 membres dont 9 constituent le bureau. <\/p>\n\n\n\n<p>L&rsquo;association a depuis longtemps obtenu l\u2019agr\u00e9ment d\u00e9partemental d\u2019\u00e9ducation populaire de la Direction D\u00e9partementale et de la Coh\u00e9sion Sociale de l\u2019Is\u00e8re et l\u2019agr\u00e9ment du conseil acad\u00e9mique des associations \u00e9ducatives compl\u00e9mentaires de l\u2019enseignement public.<\/p>\n\n\n\n<blockquote class=\"wp-block-quote is-layout-flow wp-block-quote-is-layout-flow\">\n<p>Chaque ann\u00e9e, un million de personnes en moyenne meurent pour cause de guerre alors que des millions d&rsquo;autres sont d\u00e9plac\u00e9s. Les conflits sont la cause principale de la faim dans le monde. <strong>L&rsquo;\u00c9cole de la paix<\/strong> &#8211; sans appartenance politique ni confessionnelle &#8211; apporte tous les jours son esprit d&rsquo;ouverture et de respect des autres. C&rsquo;est \u00e0 chacun d&rsquo;entre nous de suivre cet exemple et d&rsquo;y contribuer.<\/p>\n<cite>Bernard Clavel<\/cite><\/blockquote>\n\n\n\n<p><a href=\"http:\/\/www.ecoledelapaix.org\/IMG\/pdf\/historique.pdf\" target=\"_blank\" rel=\"noreferrer noopener\">L\u2019historique de nos actions<\/a>&nbsp;est riche et permet de d\u00e9gager des lignes de force autour de la volont\u00e9 constante de l\u2019\u00e9cole de lier \u00e9troitement p\u00e9dagogie du vivre ensemble, recherche et ouverture solidaire au monde.<\/p>\n\n\n\n<p>L&rsquo;Ecole de la paix se donne pour mission&nbsp;:<\/p>\n\n\n\n<ul class=\"wp-block-list\">\n<li>d\u2019aider les citoyens et citoyennes \u00e0 prendre conscience des r\u00e9alit\u00e9s du monde et \u00e0 agir &nbsp;pour la d\u00e9fense des droits humains,<\/li>\n\n\n\n<li>de promouvoir des relations sociales apais\u00e9es au niveau local et plus pacifiques au niveau international,<\/li>\n\n\n\n<li>de prendre en compte les nouvelles dimensions de la paix en relation avec la nature, la pr\u00e9servation de l\u2019environnement et la biodiversit\u00e9.<\/li>\n<\/ul>\n\n\n\n<p>Elle initie des d\u00e9marches p\u00e9dagogiques innovantes (<a href=\"https:\/\/www.afd.fr\/fr\/page-thematique-axe\/education-la-citoyennete-et-la-solidarite-internationale\">ECSI<\/a>) pour aider la jeunesse \u00e0 int\u00e9grer les comp\u00e9tences sociales et civiques d\u2019une culture de paix, dans le respect des <a href=\"https:\/\/www.un.org\/sustainabledevelopment\/fr\/objectifs-de-developpement-durable\/\">17 Objectifs de D\u00e9veloppement Durables<\/a> des Nations Unies.<\/p>\n\n\n\n<p><em>L&rsquo;Ecole de la paix est une association reconnue d&rsquo;int\u00e9r\u00eat g\u00e9n\u00e9ral. De ce fait toute <a href=\"https:\/\/www.helloasso.com\/associations\/ecole-de-la-paix\/adhesions\/adhesion-2023\">adh\u00e9sion<\/a>, ou <a href=\"https:\/\/www.helloasso.com\/associations\/ecole-de-la-paix\/formulaires\/3\">don<\/a>, donne droit \u00e0 un re\u00e7u pour d\u00e9duction fiscale.<\/em><\/p>\n\n\n\n<figure class=\"wp-block-image size-full\"><img decoding=\"async\" data-src=\"https:\/\/www.ecoledelapaix.org\/wordpress\/wp-content\/uploads\/2023\/03\/Colombie-Groupe-Classe-enfants-format-large-1.jpg\" alt=\"\" class=\"wp-image-1209 lazyload\" src=\"data:image\/svg+xml;base64,PHN2ZyB3aWR0aD0iMSIgaGVpZ2h0PSIxIiB4bWxucz0iaHR0cDovL3d3dy53My5vcmcvMjAwMC9zdmciPjwvc3ZnPg==\" style=\"--smush-placeholder-width: 1000px; --smush-placeholder-aspect-ratio: 1000\/370;\" \/><\/figure>\n\n\n\n<p>Nous vous invitons \u00e0 consulter le rapport<a href=\"https:\/\/www.ecoledelapaix.org\/IMG\/pdf\/rapport_activite_2016_presente_AG.pdf\"> 2016<\/a>.<br>Consultez \u00e9galement les rapports d&rsquo;activit\u00e9 de <a href=\"https:\/\/www.ecoledelapaix.org\/IMG\/pdf\/Rapportdactivites2015Version08decembre2016.pdf\">2015<\/a>,<a href=\"http:\/\/www.ecoledelapaix.org\/IMG\/pdf\/Rapport_d_activite_2014.pdf\" target=\"_blank\" rel=\"noreferrer noopener\"> 2014<\/a>,<a href=\"http:\/\/www.ecoledelapaix.org\/IMG\/pdf\/rapport_d_activite.pdf\" target=\"_blank\" rel=\"noreferrer noopener\"> 2013<\/a>&nbsp;et<a href=\"http:\/\/fr.calameo.com\/read\/002427674aebb9feaee81\" target=\"_blank\" rel=\"noreferrer noopener\"> 2012<\/a>&nbsp;ainsi que le rapport moral de<a href=\"http:\/\/www.ecoledelapaix.org\/IMG\/pdf\/Rapport_moral_du_president.pdf\" target=\"_blank\" rel=\"noreferrer noopener\"> 2012<\/a>. Vous pouvez \u00e9galement consulter les&nbsp;<a href=\"http:\/\/www.ecoledelapaix.org\/IMG\/pdf\/Ecole_de_la_paix_-_statuts_2012.pdf\" target=\"_blank\" rel=\"noreferrer noopener\">statuts<\/a>&nbsp;ainsi que la&nbsp;<a href=\"http:\/\/ecoledelapaix.org\/IMG\/pdf\/Plaquette_EDP_A4-Final.pdf\" target=\"_blank\" rel=\"noreferrer noopener\">Plaquette<\/a> de l&rsquo;association.<\/p>\n\n\n\n<p><\/p>\n\n\n\n<p><\/p>\n\n\n\n<div style=\"height:20px\" aria-hidden=\"true\" class=\"wp-block-spacer\"><\/div>\n<\/div>\n\n\n\n<div class=\"wp-block-column is-layout-flow wp-block-column-is-layout-flow\" style=\"flex-basis:33.33%\">\n<div style=\"height:20px\" aria-hidden=\"true\" class=\"wp-block-spacer\"><\/div>\n\n\n\n<h4 class=\"has-text-align-center wp-block-heading\" id=\"nos-partenaires\">Nos partenaires<\/h4>\n\n\n\n<div style=\"height:20px\" aria-hidden=\"true\" class=\"wp-block-spacer\"><\/div>\n\n\n\n<figure class=\"wp-block-image aligncenter size-full\"><a href=\"www.grenoble.fr\" target=\"_blank\" rel=\"external noopener\"><img decoding=\"async\" width=\"114\" height=\"114\" data-src=\"https:\/\/www.ecoledelapaix.org\/wordpress\/wp-content\/uploads\/2022\/01\/logo_ville_de_grenoble.jpg\" alt=\"logo de la ville de Grenoble\" class=\"wp-image-170 lazyload\" src=\"data:image\/svg+xml;base64,PHN2ZyB3aWR0aD0iMSIgaGVpZ2h0PSIxIiB4bWxucz0iaHR0cDovL3d3dy53My5vcmcvMjAwMC9zdmciPjwvc3ZnPg==\" style=\"--smush-placeholder-width: 114px; --smush-placeholder-aspect-ratio: 114\/114;\" \/><\/a><\/figure>\n\n\n\n<figure class=\"wp-block-image aligncenter size-full\"><a href=\"https:\/\/www.irenees.net\" rel=\"external\"><img decoding=\"async\" width=\"224\" height=\"68\" data-src=\"https:\/\/www.ecoledelapaix.org\/wordpress\/wp-content\/uploads\/2022\/01\/logo_charles_leopold_mayer.jpg\" alt=\"logo fondation charles leopold mayer\" class=\"wp-image-171 lazyload\" src=\"data:image\/svg+xml;base64,PHN2ZyB3aWR0aD0iMSIgaGVpZ2h0PSIxIiB4bWxucz0iaHR0cDovL3d3dy53My5vcmcvMjAwMC9zdmciPjwvc3ZnPg==\" style=\"--smush-placeholder-width: 224px; --smush-placeholder-aspect-ratio: 224\/68;\" \/><\/a><\/figure>\n\n\n\n<figure class=\"wp-block-image aligncenter size-full\"><img decoding=\"async\" width=\"137\" height=\"125\" data-src=\"https:\/\/www.ecoledelapaix.org\/wordpress\/wp-content\/uploads\/2023\/03\/icone-Region-aura.png\" alt=\"\" class=\"wp-image-1236 lazyload\" src=\"data:image\/svg+xml;base64,PHN2ZyB3aWR0aD0iMSIgaGVpZ2h0PSIxIiB4bWxucz0iaHR0cDovL3d3dy53My5vcmcvMjAwMC9zdmciPjwvc3ZnPg==\" style=\"--smush-placeholder-width: 137px; --smush-placeholder-aspect-ratio: 137\/125;\" \/><\/figure>\n\n\n\n<figure class=\"wp-block-image aligncenter size-full\"><img decoding=\"async\" width=\"158\" height=\"74\" data-src=\"https:\/\/www.ecoledelapaix.org\/wordpress\/wp-content\/uploads\/2022\/01\/logo_isere.jpg\" alt=\"logo isere\" class=\"wp-image-174 lazyload\" src=\"data:image\/svg+xml;base64,PHN2ZyB3aWR0aD0iMSIgaGVpZ2h0PSIxIiB4bWxucz0iaHR0cDovL3d3dy53My5vcmcvMjAwMC9zdmciPjwvc3ZnPg==\" style=\"--smush-placeholder-width: 158px; --smush-placeholder-aspect-ratio: 158\/74;\" \/><\/figure>\n\n\n\n<figure class=\"wp-block-image aligncenter size-full\"><img decoding=\"async\" width=\"128\" height=\"80\" data-src=\"https:\/\/www.ecoledelapaix.org\/wordpress\/wp-content\/uploads\/2022\/01\/logo_educasol.jpg\" alt=\"logo educasol\" class=\"wp-image-172 lazyload\" src=\"data:image\/svg+xml;base64,PHN2ZyB3aWR0aD0iMSIgaGVpZ2h0PSIxIiB4bWxucz0iaHR0cDovL3d3dy53My5vcmcvMjAwMC9zdmciPjwvc3ZnPg==\" style=\"--smush-placeholder-width: 128px; --smush-placeholder-aspect-ratio: 128\/80;\" \/><\/figure>\n\n\n\n<figure class=\"wp-block-image aligncenter size-full\"><img decoding=\"async\" width=\"152\" height=\"96\" data-src=\"https:\/\/www.ecoledelapaix.org\/wordpress\/wp-content\/uploads\/2022\/01\/logo_irenees.jpg\" alt=\"logo irenees\" class=\"wp-image-173 lazyload\" data-srcset=\"https:\/\/www.ecoledelapaix.org\/wordpress\/wp-content\/uploads\/2022\/01\/logo_irenees.jpg 152w, https:\/\/www.ecoledelapaix.org\/wordpress\/wp-content\/uploads\/2022\/01\/logo_irenees-150x96.jpg 150w\" data-sizes=\"(max-width: 152px) 100vw, 152px\" src=\"data:image\/svg+xml;base64,PHN2ZyB3aWR0aD0iMSIgaGVpZ2h0PSIxIiB4bWxucz0iaHR0cDovL3d3dy53My5vcmcvMjAwMC9zdmciPjwvc3ZnPg==\" style=\"--smush-placeholder-width: 152px; --smush-placeholder-aspect-ratio: 152\/96;\" \/><\/figure>\n\n\n\n<figure class=\"wp-block-image aligncenter size-full is-resized\"><img decoding=\"async\" data-src=\"https:\/\/www.ecoledelapaix.org\/wordpress\/wp-content\/uploads\/2023\/03\/logo-Constellation.jpg\" alt=\"\" class=\"wp-image-1243 lazyload\" width=\"203\" height=\"140\" data-srcset=\"https:\/\/www.ecoledelapaix.org\/wordpress\/wp-content\/uploads\/2023\/03\/logo-Constellation.jpg 271w, https:\/\/www.ecoledelapaix.org\/wordpress\/wp-content\/uploads\/2023\/03\/logo-Constellation-130x90.jpg 130w\" data-sizes=\"(max-width: 203px) 100vw, 203px\" src=\"data:image\/svg+xml;base64,PHN2ZyB3aWR0aD0iMSIgaGVpZ2h0PSIxIiB4bWxucz0iaHR0cDovL3d3dy53My5vcmcvMjAwMC9zdmciPjwvc3ZnPg==\" style=\"--smush-placeholder-width: 203px; --smush-placeholder-aspect-ratio: 203\/140;\" \/><\/figure>\n\n\n\n<figure class=\"wp-block-image aligncenter size-full is-resized\"><img decoding=\"async\" data-src=\"https:\/\/www.ecoledelapaix.org\/wordpress\/wp-content\/uploads\/2023\/03\/logo-FESTISOL-2.png\" alt=\"\" class=\"wp-image-1251 lazyload\" width=\"225\" height=\"83\" src=\"data:image\/svg+xml;base64,PHN2ZyB3aWR0aD0iMSIgaGVpZ2h0PSIxIiB4bWxucz0iaHR0cDovL3d3dy53My5vcmcvMjAwMC9zdmciPjwvc3ZnPg==\" style=\"--smush-placeholder-width: 225px; --smush-placeholder-aspect-ratio: 225\/83;\" \/><\/figure>\n\n\n\n<figure class=\"wp-block-image aligncenter size-full is-resized\"><img decoding=\"async\" data-src=\"https:\/\/www.ecoledelapaix.org\/wordpress\/wp-content\/uploads\/2023\/03\/logo-AFD-1.jpg\" alt=\"\" class=\"wp-image-1252 lazyload\" width=\"113\" height=\"113\" data-srcset=\"https:\/\/www.ecoledelapaix.org\/wordpress\/wp-content\/uploads\/2023\/03\/logo-AFD-1.jpg 225w, https:\/\/www.ecoledelapaix.org\/wordpress\/wp-content\/uploads\/2023\/03\/logo-AFD-1-150x150.jpg 150w\" data-sizes=\"(max-width: 113px) 100vw, 113px\" src=\"data:image\/svg+xml;base64,PHN2ZyB3aWR0aD0iMSIgaGVpZ2h0PSIxIiB4bWxucz0iaHR0cDovL3d3dy53My5vcmcvMjAwMC9zdmciPjwvc3ZnPg==\" style=\"--smush-placeholder-width: 113px; --smush-placeholder-aspect-ratio: 113\/113;\" \/><\/figure>\n\n\n\n<figure class=\"wp-block-image aligncenter size-full is-resized\"><img decoding=\"async\" data-src=\"https:\/\/www.ecoledelapaix.org\/wordpress\/wp-content\/uploads\/2023\/03\/logo-resacoop-1.png\" alt=\"\" class=\"wp-image-1253 lazyload\" width=\"225\" height=\"126\" src=\"data:image\/svg+xml;base64,PHN2ZyB3aWR0aD0iMSIgaGVpZ2h0PSIxIiB4bWxucz0iaHR0cDovL3d3dy53My5vcmcvMjAwMC9zdmciPjwvc3ZnPg==\" style=\"--smush-placeholder-width: 225px; --smush-placeholder-aspect-ratio: 225\/126;\" \/><\/figure>\n\n\n\n<div class=\"wp-block-buttons is-horizontal is-content-justification-center is-layout-flex wp-container-core-buttons-is-layout-03627597 wp-block-buttons-is-layout-flex\">\n<div class=\"wp-block-button has-custom-font-size is-style-fill has-small-font-size\"><a class=\"wp-block-button__link has-white-color has-vivid-cyan-blue-background-color has-text-color has-background wp-element-button\" href=\"https:\/\/www.ecoledelapaix.org\/wordpress\/partenaires\/\">Voir tous les partenaires<\/a><\/div>\n<\/div>\n<\/div>\n<\/div>\n<\/div>\n\n\n\n<div style=\"height:20px\" aria-hidden=\"true\" class=\"wp-block-spacer\"><\/div>\n\n\n\n<p class=\"has-text-align-center has-large-font-size\">Notre \u00e9quipe !<\/p>\n\n\n<div class=\"oxi-addons-container   oxi-addons-flipbox-template-style5\">        <div class=\"oxilab-flip-box-wrapper\">\n                                <div class=\"oxilab-flip-box-col-4 oxilab-flip-box-padding-1\"\n                        sa-data-animation=\"\"\n                        sa-data-animation-offset=\"100%\"\r\n                        sa-data-animation-delay=\"0ms\"\r\n                        sa-data-animation-duration=\" 2000ms\"\n                        >\r\n                        <div class=\" oxilab-flip-box-body-1 oxilab-flip-box-body-1-14\">\n                                                        <div class=\"oxilab-flip-box-body-absulote\">\n                                <div class=\"oxilab-flip-box-flip oxilab-flip-box-flip-left-to-right\">\n                                    <div class=\"oxilab-flip-box-style-data easing_easeInOutCirc\">\n                                        <div class=\"oxilab-flip-box-style\">\n                                            <div class=\"oxilab-flip-box-front\">\n                                                <div class=\"oxilab-flip-box-1\">\n                                                    <div class=\"oxilab-flip-box-1-data\">\n\n                                                    <\/div>\n                                                <\/div>\n                                            <\/div>\n                                            <div class=\"oxilab-flip-box-back\">\n                                                <div class=\"oxilab-flip-box-back-1\">\n                                                    <div class=\"oxilab-flip-box-back-1-data\">\n                                                        <div class=\"oxilab-heading\">\n                                                            Richard P\u00e9tris                                                        <\/div>\n                                                        <div class=\"oxilab-info\">\n                                                            <i>Pr\u00e9sident et fondateur de l\\'association<\/i><br>\r\n_                                                        <\/div>\n                                                                                                            <\/div>\n                                                <\/div>\n                                            <\/div>\n                                        <\/div>\n                                    <\/div>\n                                <\/div>\n                            <\/div>\n                                                    <\/div>\n\n\n                        \n                    <\/div>\n                                        <div class=\"oxilab-flip-box-col-4 oxilab-flip-box-padding-1\"\n                        sa-data-animation=\"\"\n                        sa-data-animation-offset=\"100%\"\r\n                        sa-data-animation-delay=\"0ms\"\r\n                        sa-data-animation-duration=\" 2000ms\"\n                        >\r\n                        <div class=\" oxilab-flip-box-body-1 oxilab-flip-box-body-1-15\">\n                                                        <div class=\"oxilab-flip-box-body-absulote\">\n                                <div class=\"oxilab-flip-box-flip oxilab-flip-box-flip-left-to-right\">\n                                    <div class=\"oxilab-flip-box-style-data easing_easeInOutCirc\">\n                                        <div class=\"oxilab-flip-box-style\">\n                                            <div class=\"oxilab-flip-box-front\">\n                                                <div class=\"oxilab-flip-box-1\">\n                                                    <div class=\"oxilab-flip-box-1-data\">\n\n                                                    <\/div>\n                                                <\/div>\n                                            <\/div>\n                                            <div class=\"oxilab-flip-box-back\">\n                                                <div class=\"oxilab-flip-box-back-1\">\n                                                    <div class=\"oxilab-flip-box-back-1-data\">\n                                                        <div class=\"oxilab-heading\">\n                                                            Yali                                                        <\/div>\n                                                        <div class=\"oxilab-info\">\n                                                            <i>Coordinateur du R\u00e9seau France Colombie Solidarit\u00e9s (RFCS) et responsable des activit\u00e9s en France dans le cadre du programme Ensemble pour la paix.<\/i> <br>\r\n\u2013<br>\r\n<br>\r\nResponsable de personnel au sein du Conseil d\u2019administration de l\u2019Organisation Internationale Droits Humains Actions Colombie, en repr\u00e9sentation du RFCS.                                                        <\/div>\n                                                                                                            <\/div>\n                                                <\/div>\n                                            <\/div>\n                                        <\/div>\n                                    <\/div>\n                                <\/div>\n                            <\/div>\n                                                    <\/div>\n\n\n                        \n                    <\/div>\n                                        <div class=\"oxilab-flip-box-col-4 oxilab-flip-box-padding-1\"\n                        sa-data-animation=\"\"\n                        sa-data-animation-offset=\"100%\"\r\n                        sa-data-animation-delay=\"0ms\"\r\n                        sa-data-animation-duration=\" 2000ms\"\n                        >\r\n                        <div class=\" oxilab-flip-box-body-1 oxilab-flip-box-body-1-16\">\n                                                        <div class=\"oxilab-flip-box-body-absulote\">\n                                <div class=\"oxilab-flip-box-flip oxilab-flip-box-flip-left-to-right\">\n                                    <div class=\"oxilab-flip-box-style-data easing_easeInOutCirc\">\n                                        <div class=\"oxilab-flip-box-style\">\n                                            <div class=\"oxilab-flip-box-front\">\n                                                <div class=\"oxilab-flip-box-1\">\n                                                    <div class=\"oxilab-flip-box-1-data\">\n\n                                                    <\/div>\n                                                <\/div>\n                                            <\/div>\n                                            <div class=\"oxilab-flip-box-back\">\n                                                <div class=\"oxilab-flip-box-back-1\">\n                                                    <div class=\"oxilab-flip-box-back-1-data\">\n                                                        <div class=\"oxilab-heading\">\n                                                            Nym Colpart                                                        <\/div>\n                                                        <div class=\"oxilab-info\">\n                                                            <i>B\u00e9n\u00e9vole communication<\/i><br>\r\n_<br>\r\n<br>\r\nEn charge de la communication multim\u00e9dia de l\u2019EDP (site web, Newsletter\u2026) et aide ponctuelle sur d\u2019autres projets de l\u2019Ecole de la paix et du RFCS.                                                        <\/div>\n                                                                                                            <\/div>\n                                                <\/div>\n                                            <\/div>\n                                        <\/div>\n                                    <\/div>\n                                <\/div>\n                            <\/div>\n                                                    <\/div>\n\n\n                        \n                    <\/div>\n                                        <div class=\"oxilab-flip-box-col-4 oxilab-flip-box-padding-1\"\n                        sa-data-animation=\"\"\n                        sa-data-animation-offset=\"100%\"\r\n                        sa-data-animation-delay=\"0ms\"\r\n                        sa-data-animation-duration=\" 2000ms\"\n                        >\r\n                        <div class=\" oxilab-flip-box-body-1 oxilab-flip-box-body-1-17\">\n                                                        <div class=\"oxilab-flip-box-body-absulote\">\n                                <div class=\"oxilab-flip-box-flip oxilab-flip-box-flip-left-to-right\">\n                                    <div class=\"oxilab-flip-box-style-data easing_easeInOutCirc\">\n                                        <div class=\"oxilab-flip-box-style\">\n                                            <div class=\"oxilab-flip-box-front\">\n                                                <div class=\"oxilab-flip-box-1\">\n                                                    <div class=\"oxilab-flip-box-1-data\">\n\n                                                    <\/div>\n                                                <\/div>\n                                            <\/div>\n                                            <div class=\"oxilab-flip-box-back\">\n                                                <div class=\"oxilab-flip-box-back-1\">\n                                                    <div class=\"oxilab-flip-box-back-1-data\">\n                                                        <div class=\"oxilab-heading\">\n                                                            Chlo\u00e9 Ndiaye                                                        <\/div>\n                                                        <div class=\"oxilab-info\">\n                                                            <i>Stagiaire<\/i> <br>\r\n_<br>\r\n<br>\r\nCo-charg\u00e9e de mission du projet Sant\u00e9-Femmes \u00e0 Grenoble et au S\u00e9n\u00e9gal autour de la pr\u00e9carit\u00e9 menstruelle. \r\nResponsable d\u2019un projet d\u2019\u00e9change scolaire entre Grenoble et Mayotte, qui s\u2019inscrit dans une r\u00e9flexion plus large cherchant \u00e0 associer l\u2019art et la paix.                                                        <\/div>\n                                                                                                            <\/div>\n                                                <\/div>\n                                            <\/div>\n                                        <\/div>\n                                    <\/div>\n                                <\/div>\n                            <\/div>\n                                                    <\/div>\n\n\n                        \n                    <\/div>\n                                        <div class=\"oxilab-flip-box-col-4 oxilab-flip-box-padding-1\"\n                        sa-data-animation=\"\"\n                        sa-data-animation-offset=\"100%\"\r\n                        sa-data-animation-delay=\"0ms\"\r\n                        sa-data-animation-duration=\" 2000ms\"\n                        >\r\n                        <div class=\" oxilab-flip-box-body-1 oxilab-flip-box-body-1-18\">\n                                                        <div class=\"oxilab-flip-box-body-absulote\">\n                                <div class=\"oxilab-flip-box-flip oxilab-flip-box-flip-left-to-right\">\n                                    <div class=\"oxilab-flip-box-style-data easing_easeInOutCirc\">\n                                        <div class=\"oxilab-flip-box-style\">\n                                            <div class=\"oxilab-flip-box-front\">\n                                                <div class=\"oxilab-flip-box-1\">\n                                                    <div class=\"oxilab-flip-box-1-data\">\n\n                                                    <\/div>\n                                                <\/div>\n                                            <\/div>\n                                            <div class=\"oxilab-flip-box-back\">\n                                                <div class=\"oxilab-flip-box-back-1\">\n                                                    <div class=\"oxilab-flip-box-back-1-data\">\n                                                        <div class=\"oxilab-heading\">\n                                                            Jessica                                                        <\/div>\n                                                        <div class=\"oxilab-info\">\n                                                            <i>Charg\u00e9e de missions<\/i> <br>\r\n_<br>\r\n<br>\r\nCharg\u00e9e de projet \u201cDes Alpes aux Andes entre les villes de Crolles (France) et Zapatoca (Colombie). &amp;#32\r\nCo-r\u00e9f\u00e9rente pour le projet Kosmopolites du P\u00f4le de Solidarit\u00e9 Internationale.                                                        <\/div>\n                                                                                                            <\/div>\n                                                <\/div>\n                                            <\/div>\n                                        <\/div>\n                                    <\/div>\n                                <\/div>\n                            <\/div>\n                                                    <\/div>\n\n\n                        \n                    <\/div>\n                    \n\n        <\/div>\n        <\/div>\n\n\n\n<div style=\"height:20px\" aria-hidden=\"true\" class=\"wp-block-spacer\"><\/div>\n\n\n\n<div class=\"wp-block-columns is-layout-flex wp-container-core-columns-is-layout-28f84493 wp-block-columns-is-layout-flex\">\n<div class=\"wp-block-column is-layout-flow wp-block-column-is-layout-flow\" style=\"flex-basis:25%\"><\/div>\n\n\n\n<div class=\"wp-block-column is-layout-flow wp-block-column-is-layout-flow\" style=\"flex-basis:50%\">\n<div class=\"wp-block-buttons is-layout-flex wp-block-buttons-is-layout-flex\">\n<div class=\"wp-block-button has-custom-width wp-block-button__width-100 has-custom-font-size has-medium-font-size\"><a class=\"wp-block-button__link has-luminous-vivid-orange-background-color has-background wp-element-button\" href=\"https:\/\/www.helloasso.com\/associations\/ecole-de-la-paix\/formulaires\/1\" target=\"_blank\" rel=\"noreferrer noopener\">Nous soutenir<\/a><\/div>\n<\/div>\n<\/div>\n\n\n\n<div class=\"wp-block-column is-layout-flow wp-block-column-is-layout-flow\" style=\"flex-basis:25%\"><\/div>\n<\/div>\n\n\n\n<div class=\"wp-block-buttons is-layout-flex wp-block-buttons-is-layout-flex\"><\/div>\n\n\n\n<div style=\"height:20px\" aria-hidden=\"true\" class=\"wp-block-spacer\"><\/div>\n\n\n\n<div style=\"height:20px\" aria-hidden=\"true\" class=\"wp-block-spacer\"><\/div>\n\n\n\n<div style=\"height:20px\" aria-hidden=\"true\" class=\"wp-block-spacer\"><\/div>\n","protected":false},"excerpt":{"rendered":"<p>Depuis 1998, L&rsquo;\u00e9cole de la paix se consacre \u00e0 la promotion d\u2019une culture de la paix et du vivre ensemble.<\/p>\n","protected":false},"author":2,"featured_media":0,"parent":0,"menu_order":0,"comment_status":"closed","ping_status":"closed","template":"","meta":{"footnotes":""},"class_list":["post-13","page","type-page","status-publish","hentry"],"yoast_head":"<!-- This site is optimized with the Yoast SEO plugin v26.3 - https:\/\/yoast.com\/wordpress\/plugins\/seo\/ -->\n<title>Qui sommes-nous ? - Ensemble,<\/title>\n<meta name=\"description\" content=\"Depuis 1998, L\u2019\u00e9cole de la paix se consacre \u00e0 la promotion d\u2019une culture de la paix et du vivre ensemble. Elle a \u00e9t\u00e9 cr\u00e9\u00e9e en 1998, \u00e0 l\u2019initiative de Richard P\u00e9tris...\" \/>\n<meta name=\"robots\" content=\"index, follow, max-snippet:-1, max-image-preview:large, max-video-preview:-1\" \/>\n<link rel=\"canonical\" href=\"https:\/\/www.ecoledelapaix.org\/wordpress\/qui-sommes-nous\/\" \/>\n<meta property=\"og:locale\" content=\"fr_FR\" \/>\n<meta property=\"og:type\" content=\"article\" \/>\n<meta property=\"og:title\" content=\"Qui sommes-nous ? - Ensemble,\" \/>\n<meta property=\"og:description\" content=\"Depuis 1998, L\u2019\u00e9cole de la paix se consacre \u00e0 la promotion d\u2019une culture de la paix et du vivre ensemble. Elle a \u00e9t\u00e9 cr\u00e9\u00e9e en 1998, \u00e0 l\u2019initiative de Richard P\u00e9tris...\" \/>\n<meta property=\"og:url\" content=\"https:\/\/www.ecoledelapaix.org\/wordpress\/qui-sommes-nous\/\" \/>\n<meta property=\"og:site_name\" content=\"Ensemble,\" \/>\n<meta property=\"article:modified_time\" content=\"2023-03-28T10:26:07+00:00\" \/>\n<meta property=\"og:image\" content=\"http:\/\/www.ecoledelapaix.org\/wordpress\/wp-content\/uploads\/2022\/01\/colombes-.jpg\" \/>\n<meta name=\"twitter:card\" content=\"summary_large_image\" \/>\n<meta name=\"twitter:label1\" content=\"Dur\u00e9e de lecture estim\u00e9e\" \/>\n\t<meta name=\"twitter:data1\" content=\"5 minutes\" \/>\n<script type=\"application\/ld+json\" class=\"yoast-schema-graph\">{\"@context\":\"https:\/\/schema.org\",\"@graph\":[{\"@type\":\"WebPage\",\"@id\":\"https:\/\/www.ecoledelapaix.org\/wordpress\/qui-sommes-nous\/\",\"url\":\"https:\/\/www.ecoledelapaix.org\/wordpress\/qui-sommes-nous\/\",\"name\":\"Qui sommes-nous ? - Ensemble,\",\"isPartOf\":{\"@id\":\"https:\/\/www.ecoledelapaix.org\/wordpress\/#website\"},\"primaryImageOfPage\":{\"@id\":\"https:\/\/www.ecoledelapaix.org\/wordpress\/qui-sommes-nous\/#primaryimage\"},\"image\":{\"@id\":\"https:\/\/www.ecoledelapaix.org\/wordpress\/qui-sommes-nous\/#primaryimage\"},\"thumbnailUrl\":\"http:\/\/www.ecoledelapaix.org\/wordpress\/wp-content\/uploads\/2022\/01\/colombes-.jpg\",\"datePublished\":\"2022-01-07T10:00:44+00:00\",\"dateModified\":\"2023-03-28T10:26:07+00:00\",\"description\":\"Depuis 1998, L\u2019\u00e9cole de la paix se consacre \u00e0 la promotion d\u2019une culture de la paix et du vivre ensemble. Elle a \u00e9t\u00e9 cr\u00e9\u00e9e en 1998, \u00e0 l\u2019initiative de Richard P\u00e9tris...\",\"breadcrumb\":{\"@id\":\"https:\/\/www.ecoledelapaix.org\/wordpress\/qui-sommes-nous\/#breadcrumb\"},\"inLanguage\":\"fr-FR\",\"potentialAction\":[{\"@type\":\"ReadAction\",\"target\":[\"https:\/\/www.ecoledelapaix.org\/wordpress\/qui-sommes-nous\/\"]}]},{\"@type\":\"ImageObject\",\"inLanguage\":\"fr-FR\",\"@id\":\"https:\/\/www.ecoledelapaix.org\/wordpress\/qui-sommes-nous\/#primaryimage\",\"url\":\"https:\/\/www.ecoledelapaix.org\/wordpress\/wp-content\/uploads\/2022\/01\/colombes-.jpg\",\"contentUrl\":\"https:\/\/www.ecoledelapaix.org\/wordpress\/wp-content\/uploads\/2022\/01\/colombes-.jpg\",\"width\":1280,\"height\":720},{\"@type\":\"BreadcrumbList\",\"@id\":\"https:\/\/www.ecoledelapaix.org\/wordpress\/qui-sommes-nous\/#breadcrumb\",\"itemListElement\":[{\"@type\":\"ListItem\",\"position\":1,\"name\":\"Accueil\",\"item\":\"http:\/\/www.ecoledelapaix.org\/wordpress\/\"},{\"@type\":\"ListItem\",\"position\":2,\"name\":\"Qui sommes-nous ?\"}]},{\"@type\":\"WebSite\",\"@id\":\"https:\/\/www.ecoledelapaix.org\/wordpress\/#website\",\"url\":\"https:\/\/www.ecoledelapaix.org\/wordpress\/\",\"name\":\"Ensemble,\",\"description\":\"agissons pour la paix par l&#039;\u00e9ducation\",\"publisher\":{\"@id\":\"https:\/\/www.ecoledelapaix.org\/wordpress\/#organization\"},\"potentialAction\":[{\"@type\":\"SearchAction\",\"target\":{\"@type\":\"EntryPoint\",\"urlTemplate\":\"https:\/\/www.ecoledelapaix.org\/wordpress\/?s={search_term_string}\"},\"query-input\":{\"@type\":\"PropertyValueSpecification\",\"valueRequired\":true,\"valueName\":\"search_term_string\"}}],\"inLanguage\":\"fr-FR\"},{\"@type\":\"Organization\",\"@id\":\"https:\/\/www.ecoledelapaix.org\/wordpress\/#organization\",\"name\":\"\u00c9cole de la paix\",\"url\":\"https:\/\/www.ecoledelapaix.org\/wordpress\/\",\"logo\":{\"@type\":\"ImageObject\",\"inLanguage\":\"fr-FR\",\"@id\":\"https:\/\/www.ecoledelapaix.org\/wordpress\/#\/schema\/logo\/image\/\",\"url\":\"https:\/\/www.ecoledelapaix.org\/wordpress\/wp-content\/uploads\/2022\/01\/cropped-LOGO.png\",\"contentUrl\":\"https:\/\/www.ecoledelapaix.org\/wordpress\/wp-content\/uploads\/2022\/01\/cropped-LOGO.png\",\"width\":200,\"height\":85,\"caption\":\"\u00c9cole de la paix\"},\"image\":{\"@id\":\"https:\/\/www.ecoledelapaix.org\/wordpress\/#\/schema\/logo\/image\/\"}}]}<\/script>\n<!-- \/ Yoast SEO plugin. -->","yoast_head_json":{"title":"Qui sommes-nous ? - Ensemble,","description":"Depuis 1998, L\u2019\u00e9cole de la paix se consacre \u00e0 la promotion d\u2019une culture de la paix et du vivre ensemble. Elle a \u00e9t\u00e9 cr\u00e9\u00e9e en 1998, \u00e0 l\u2019initiative de Richard P\u00e9tris...","robots":{"index":"index","follow":"follow","max-snippet":"max-snippet:-1","max-image-preview":"max-image-preview:large","max-video-preview":"max-video-preview:-1"},"canonical":"https:\/\/www.ecoledelapaix.org\/wordpress\/qui-sommes-nous\/","og_locale":"fr_FR","og_type":"article","og_title":"Qui sommes-nous ? - Ensemble,","og_description":"Depuis 1998, L\u2019\u00e9cole de la paix se consacre \u00e0 la promotion d\u2019une culture de la paix et du vivre ensemble. Elle a \u00e9t\u00e9 cr\u00e9\u00e9e en 1998, \u00e0 l\u2019initiative de Richard P\u00e9tris...","og_url":"https:\/\/www.ecoledelapaix.org\/wordpress\/qui-sommes-nous\/","og_site_name":"Ensemble,","article_modified_time":"2023-03-28T10:26:07+00:00","og_image":[{"url":"http:\/\/www.ecoledelapaix.org\/wordpress\/wp-content\/uploads\/2022\/01\/colombes-.jpg","type":"","width":"","height":""}],"twitter_card":"summary_large_image","twitter_misc":{"Dur\u00e9e de lecture estim\u00e9e":"5 minutes"},"schema":{"@context":"https:\/\/schema.org","@graph":[{"@type":"WebPage","@id":"https:\/\/www.ecoledelapaix.org\/wordpress\/qui-sommes-nous\/","url":"https:\/\/www.ecoledelapaix.org\/wordpress\/qui-sommes-nous\/","name":"Qui sommes-nous ? - Ensemble,","isPartOf":{"@id":"https:\/\/www.ecoledelapaix.org\/wordpress\/#website"},"primaryImageOfPage":{"@id":"https:\/\/www.ecoledelapaix.org\/wordpress\/qui-sommes-nous\/#primaryimage"},"image":{"@id":"https:\/\/www.ecoledelapaix.org\/wordpress\/qui-sommes-nous\/#primaryimage"},"thumbnailUrl":"http:\/\/www.ecoledelapaix.org\/wordpress\/wp-content\/uploads\/2022\/01\/colombes-.jpg","datePublished":"2022-01-07T10:00:44+00:00","dateModified":"2023-03-28T10:26:07+00:00","description":"Depuis 1998, L\u2019\u00e9cole de la paix se consacre \u00e0 la promotion d\u2019une culture de la paix et du vivre ensemble. Elle a \u00e9t\u00e9 cr\u00e9\u00e9e en 1998, \u00e0 l\u2019initiative de Richard P\u00e9tris...","breadcrumb":{"@id":"https:\/\/www.ecoledelapaix.org\/wordpress\/qui-sommes-nous\/#breadcrumb"},"inLanguage":"fr-FR","potentialAction":[{"@type":"ReadAction","target":["https:\/\/www.ecoledelapaix.org\/wordpress\/qui-sommes-nous\/"]}]},{"@type":"ImageObject","inLanguage":"fr-FR","@id":"https:\/\/www.ecoledelapaix.org\/wordpress\/qui-sommes-nous\/#primaryimage","url":"https:\/\/www.ecoledelapaix.org\/wordpress\/wp-content\/uploads\/2022\/01\/colombes-.jpg","contentUrl":"https:\/\/www.ecoledelapaix.org\/wordpress\/wp-content\/uploads\/2022\/01\/colombes-.jpg","width":1280,"height":720},{"@type":"BreadcrumbList","@id":"https:\/\/www.ecoledelapaix.org\/wordpress\/qui-sommes-nous\/#breadcrumb","itemListElement":[{"@type":"ListItem","position":1,"name":"Accueil","item":"http:\/\/www.ecoledelapaix.org\/wordpress\/"},{"@type":"ListItem","position":2,"name":"Qui sommes-nous ?"}]},{"@type":"WebSite","@id":"https:\/\/www.ecoledelapaix.org\/wordpress\/#website","url":"https:\/\/www.ecoledelapaix.org\/wordpress\/","name":"Ensemble,","description":"agissons pour la paix par l&#039;\u00e9ducation","publisher":{"@id":"https:\/\/www.ecoledelapaix.org\/wordpress\/#organization"},"potentialAction":[{"@type":"SearchAction","target":{"@type":"EntryPoint","urlTemplate":"https:\/\/www.ecoledelapaix.org\/wordpress\/?s={search_term_string}"},"query-input":{"@type":"PropertyValueSpecification","valueRequired":true,"valueName":"search_term_string"}}],"inLanguage":"fr-FR"},{"@type":"Organization","@id":"https:\/\/www.ecoledelapaix.org\/wordpress\/#organization","name":"\u00c9cole de la paix","url":"https:\/\/www.ecoledelapaix.org\/wordpress\/","logo":{"@type":"ImageObject","inLanguage":"fr-FR","@id":"https:\/\/www.ecoledelapaix.org\/wordpress\/#\/schema\/logo\/image\/","url":"https:\/\/www.ecoledelapaix.org\/wordpress\/wp-content\/uploads\/2022\/01\/cropped-LOGO.png","contentUrl":"https:\/\/www.ecoledelapaix.org\/wordpress\/wp-content\/uploads\/2022\/01\/cropped-LOGO.png","width":200,"height":85,"caption":"\u00c9cole de la paix"},"image":{"@id":"https:\/\/www.ecoledelapaix.org\/wordpress\/#\/schema\/logo\/image\/"}}]}},"_links":{"self":[{"href":"https:\/\/www.ecoledelapaix.org\/wordpress\/wp-json\/wp\/v2\/pages\/13","targetHints":{"allow":["GET"]}}],"collection":[{"href":"https:\/\/www.ecoledelapaix.org\/wordpress\/wp-json\/wp\/v2\/pages"}],"about":[{"href":"https:\/\/www.ecoledelapaix.org\/wordpress\/wp-json\/wp\/v2\/types\/page"}],"author":[{"embeddable":true,"href":"https:\/\/www.ecoledelapaix.org\/wordpress\/wp-json\/wp\/v2\/users\/2"}],"replies":[{"embeddable":true,"href":"https:\/\/www.ecoledelapaix.org\/wordpress\/wp-json\/wp\/v2\/comments?post=13"}],"version-history":[{"count":29,"href":"https:\/\/www.ecoledelapaix.org\/wordpress\/wp-json\/wp\/v2\/pages\/13\/revisions"}],"predecessor-version":[{"id":1254,"href":"https:\/\/www.ecoledelapaix.org\/wordpress\/wp-json\/wp\/v2\/pages\/13\/revisions\/1254"}],"wp:attachment":[{"href":"https:\/\/www.ecoledelapaix.org\/wordpress\/wp-json\/wp\/v2\/media?parent=13"}],"curies":[{"name":"wp","href":"https:\/\/api.w.org\/{rel}","templated":true}]}}