{"id":139,"date":"2022-01-07T13:51:23","date_gmt":"2022-01-07T12:51:23","guid":{"rendered":"http:\/\/www.ecoledelapaix.org\/wordpress\/?page_id=139"},"modified":"2022-01-07T14:04:11","modified_gmt":"2022-01-07T13:04:11","slug":"who-are-we","status":"publish","type":"page","link":"https:\/\/www.ecoledelapaix.org\/wordpress\/en\/who-are-we\/","title":{"rendered":"Who are we?"},"content":{"rendered":"\n<div class=\"wp-block-cover alignfull has-background-dim\" style=\"min-height:140px;aspect-ratio:unset;\"><img decoding=\"async\" width=\"1280\" height=\"720\" class=\"wp-block-cover__image-background wp-image-125 lazyload\" alt=\"\" data-src=\"https:\/\/www.ecoledelapaix.org\/wordpress\/wp-content\/uploads\/2022\/01\/colombes-.jpg\" data-object-fit=\"cover\" data-srcset=\"https:\/\/www.ecoledelapaix.org\/wordpress\/wp-content\/uploads\/2022\/01\/colombes-.jpg 1280w, https:\/\/www.ecoledelapaix.org\/wordpress\/wp-content\/uploads\/2022\/01\/colombes--300x169.jpg 300w, https:\/\/www.ecoledelapaix.org\/wordpress\/wp-content\/uploads\/2022\/01\/colombes--1024x576.jpg 1024w, https:\/\/www.ecoledelapaix.org\/wordpress\/wp-content\/uploads\/2022\/01\/colombes--768x432.jpg 768w\" data-sizes=\"(max-width: 1280px) 100vw, 1280px\" src=\"data:image\/svg+xml;base64,PHN2ZyB3aWR0aD0iMSIgaGVpZ2h0PSIxIiB4bWxucz0iaHR0cDovL3d3dy53My5vcmcvMjAwMC9zdmciPjwvc3ZnPg==\" style=\"--smush-placeholder-width: 1280px; --smush-placeholder-aspect-ratio: 1280\/720;\" \/><div class=\"wp-block-cover__inner-container is-layout-flow wp-block-cover-is-layout-flow\">\n<p class=\"has-text-align-center has-large-font-size\"><strong>\u00c9cole de la paix<\/strong><\/p>\n<\/div><\/div>\n\n\n\n<div class=\"wp-block-group is-layout-flow wp-block-group-is-layout-flow\">\n<div class=\"wp-block-columns is-layout-flex wp-container-core-columns-is-layout-28f84493 wp-block-columns-is-layout-flex\">\n<div class=\"wp-block-column is-layout-flow wp-block-column-is-layout-flow\" style=\"flex-basis:66.66%\">\n<div style=\"height:20px\" aria-hidden=\"true\" class=\"wp-block-spacer\"><\/div>\n\n\n\n<p>Since 1998, <strong>\u00c9cole de la paix<\/strong>&nbsp;is dedicated to promoting a culture of&nbsp;<strong>peace<\/strong>&nbsp;and&nbsp;<strong>living together<\/strong>.<\/p>\n\n\n\n<p>\u00ab\u00a0The school of peace\u00a0\u00bb was created in 1998, at the initiative of&nbsp;<strong>Richard petris<\/strong>, in the form of a law association 1901, by engaged citizens surrounded by&nbsp;<a rel=\"noreferrer noopener\" href=\"https:\/\/www.ecoledelapaix.org\/wordpress\/partenaires\" target=\"_blank\"><\/a><a href=\"https:\/\/www.ecoledelapaix.org\/spip.php?article49\">prestigious institutions and sponsors<\/a>.<\/p>\n\n\n\n<p>It brings together today 200 members, many volunteers and <a href=\"https:\/\/www.ecoledelapaix.org\/spip.php?article5\">permanent<\/a>. Its <a href=\"https:\/\/www.ecoledelapaix.org\/IMG\/pdf\/2019-ca_et_bureau.pdf\">board of directors<\/a>&nbsp;is composed of 20 members of which 9 make up the office. We can mention that the city of&nbsp;<strong>Grenoble<\/strong>&nbsp;is a member of the Board of Directors of <strong>\u00c9cole de la paix<\/strong> .<\/p>\n\n\n\n<p>It has long obtained departmental approval<br>of popular education of the Departmental Direction and Social Cohesion of Is\u00e8re and the approval of the academic council of educational associations complementary to public education.<\/p>\n\n\n\n<blockquote class=\"wp-block-quote is-layout-flow wp-block-quote-is-layout-flow\"><p>Every year, an average of one million people die in war while millions more are displaced. Conflicts are the main cause of hunger in the world.&nbsp;<strong>L\u2019\u00c9cole de la paix<\/strong>&nbsp;\u2013 without political or religious affiliation \u2013 brings its spirit of openness and respect for others every day. It is up to each of us to follow and contribute to this example.<\/p><cite>Bernard Clavel<\/cite><\/blockquote>\n\n\n\n<p><a rel=\"noreferrer noopener\" href=\"http:\/\/www.ecoledelapaix.org\/IMG\/pdf\/historique.pdf\" target=\"_blank\">The history of its actions<\/a>&nbsp;is rich and makes it possible to identify lines of force around the school&rsquo;s constant desire to closely link the pedagogy of living together, research<br>and openness to the world.<\/p>\n\n\n\n<p>We invite you to read the <a href=\"https:\/\/www.ecoledelapaix.org\/IMG\/pdf\/rapport_activite_2016_presente_AG.pdf\">activity report 2016<\/a>.<br>Also consult,&nbsp;<a href=\"https:\/\/www.ecoledelapaix.org\/IMG\/pdf\/Rapportdactivites2015Version08decembre2016.pdf\">activity report 2015<\/a>,&nbsp;<a rel=\"noreferrer noopener\" href=\"http:\/\/www.ecoledelapaix.org\/IMG\/pdf\/Rapport_d_activite_2014.pdf\" target=\"_blank\">activity report 2014<\/a>,&nbsp;<a rel=\"noreferrer noopener\" href=\"http:\/\/www.ecoledelapaix.org\/IMG\/pdf\/rapport_d_activite.pdf\" target=\"_blank\">the activity report 2013<\/a>&nbsp;as well as the <a rel=\"noreferrer noopener\" href=\"http:\/\/fr.calameo.com\/read\/002427674aebb9feaee81\" target=\"_blank\">activity report 2012<\/a>&nbsp;and <a rel=\"noreferrer noopener\" href=\"http:\/\/www.ecoledelapaix.org\/IMG\/pdf\/Rapport_moral_du_president.pdf\" target=\"_blank\">the moral report 2012<\/a>. You can also consult its <a rel=\"noreferrer noopener\" href=\"http:\/\/www.ecoledelapaix.org\/IMG\/pdf\/Ecole_de_la_paix_-_statuts_2012.pdf\" target=\"_blank\">statutes<\/a>&nbsp;as well as the <a rel=\"noreferrer noopener\" href=\"http:\/\/ecoledelapaix.org\/IMG\/pdf\/Plaquette_EDP_A4-Final.pdf\" target=\"_blank\">Brochure<\/a>.<\/p>\n\n\n\n<div style=\"height:20px\" aria-hidden=\"true\" class=\"wp-block-spacer\"><\/div>\n<\/div>\n\n\n\n<div class=\"wp-block-column is-layout-flow wp-block-column-is-layout-flow\" style=\"flex-basis:33.33%\">\n<div style=\"height:20px\" aria-hidden=\"true\" class=\"wp-block-spacer\"><\/div>\n\n\n\n<h4 class=\"has-text-align-center wp-block-heading\">Nos partenaires<\/h4>\n\n\n\n<div style=\"height:20px\" aria-hidden=\"true\" class=\"wp-block-spacer\"><\/div>\n\n\n\n<div class=\"wp-block-image\"><figure class=\"aligncenter size-full\"><a href=\"https:\/\/www.grenoble.fr\"><img decoding=\"async\" data-src=\"http:\/\/localhost\/Reseau_France_Colombie_Solidarites\/wordpress\/wp-content\/uploads\/2021\/10\/logosw2-1.jpg\" alt=\"\" class=\"wp-image-497 lazyload\" src=\"data:image\/svg+xml;base64,PHN2ZyB3aWR0aD0iMSIgaGVpZ2h0PSIxIiB4bWxucz0iaHR0cDovL3d3dy53My5vcmcvMjAwMC9zdmciPjwvc3ZnPg==\" \/><\/a><\/figure><\/div>\n\n\n\n<div class=\"wp-block-image\"><figure class=\"aligncenter size-full\"><a href=\"http:\/\/www.fph.ch\/index_fr.html\"><img decoding=\"async\" data-src=\"http:\/\/localhost\/Reseau_France_Colombie_Solidarites\/wordpress\/wp-content\/uploads\/2021\/10\/logosw-1.jpg\" alt=\"\" class=\"wp-image-496 lazyload\" src=\"data:image\/svg+xml;base64,PHN2ZyB3aWR0aD0iMSIgaGVpZ2h0PSIxIiB4bWxucz0iaHR0cDovL3d3dy53My5vcmcvMjAwMC9zdmciPjwvc3ZnPg==\" \/><\/a><\/figure><\/div>\n\n\n\n<div class=\"wp-block-image\"><figure class=\"aligncenter size-full\"><a href=\"https:\/\/www.auvergnerhonealpes.fr\/\"><img decoding=\"async\" data-src=\"http:\/\/localhost\/Reseau_France_Colombie_Solidarites\/wordpress\/wp-content\/uploads\/2021\/10\/logosw3-1.jpg\" alt=\"\" class=\"wp-image-498 lazyload\" src=\"data:image\/svg+xml;base64,PHN2ZyB3aWR0aD0iMSIgaGVpZ2h0PSIxIiB4bWxucz0iaHR0cDovL3d3dy53My5vcmcvMjAwMC9zdmciPjwvc3ZnPg==\" \/><\/a><\/figure><\/div>\n\n\n\n<div class=\"wp-block-image\"><figure class=\"aligncenter size-full\"><a href=\"https:\/\/www.isere.fr\/\"><img decoding=\"async\" data-src=\"http:\/\/localhost\/Reseau_France_Colombie_Solidarites\/wordpress\/wp-content\/uploads\/2021\/10\/logosw4.jpg\" alt=\"\" class=\"wp-image-491 lazyload\" src=\"data:image\/svg+xml;base64,PHN2ZyB3aWR0aD0iMSIgaGVpZ2h0PSIxIiB4bWxucz0iaHR0cDovL3d3dy53My5vcmcvMjAwMC9zdmciPjwvc3ZnPg==\" \/><\/a><\/figure><\/div>\n\n\n\n<div class=\"wp-block-image\"><figure class=\"aligncenter size-full\"><img decoding=\"async\" data-src=\"http:\/\/localhost\/Reseau_France_Colombie_Solidarites\/wordpress\/wp-content\/uploads\/2021\/10\/logosw5.jpg\" alt=\"\" class=\"wp-image-492 lazyload\" src=\"data:image\/svg+xml;base64,PHN2ZyB3aWR0aD0iMSIgaGVpZ2h0PSIxIiB4bWxucz0iaHR0cDovL3d3dy53My5vcmcvMjAwMC9zdmciPjwvc3ZnPg==\" \/><\/figure><\/div>\n\n\n\n<div class=\"wp-block-image\"><figure class=\"aligncenter size-full\"><a href=\"http:\/\/www.irenees.net\/index_fr.html\"><img decoding=\"async\" data-src=\"http:\/\/localhost\/Reseau_France_Colombie_Solidarites\/wordpress\/wp-content\/uploads\/2021\/10\/logosw6.jpg\" alt=\"\" class=\"wp-image-493 lazyload\" src=\"data:image\/svg+xml;base64,PHN2ZyB3aWR0aD0iMSIgaGVpZ2h0PSIxIiB4bWxucz0iaHR0cDovL3d3dy53My5vcmcvMjAwMC9zdmciPjwvc3ZnPg==\" \/><\/a><\/figure><\/div>\n\n\n\n<div class=\"wp-block-buttons is-content-justification-center is-layout-flex wp-block-buttons-is-layout-flex\">\n<div class=\"wp-block-button has-custom-font-size is-style-fill has-small-font-size\"><a class=\"wp-block-button__link has-white-color has-vivid-cyan-blue-background-color has-text-color has-background\" href=\"https:\/\/www.ecoledelapaix.org\/wordpress\/partenaires\/\">Voir tous les partenaires<\/a><\/div>\n<\/div>\n<\/div>\n<\/div>\n<\/div>\n\n\n\n<div style=\"height:20px\" aria-hidden=\"true\" class=\"wp-block-spacer\"><\/div>\n\n\n\n<p class=\"has-text-align-center has-large-font-size\">Our volunteers<\/p>\n\n\n<div class=\"oxi-addons-container   oxi-addons-flipbox-template-style5\">        <div class=\"oxilab-flip-box-wrapper\">\n                                <div class=\"oxilab-flip-box-col-4 oxilab-flip-box-padding-1\"\n                        sa-data-animation=\"\"\n                        sa-data-animation-offset=\"100%\"\r\n                        sa-data-animation-delay=\"0ms\"\r\n                        sa-data-animation-duration=\" 2000ms\"\n                        >\r\n                        <div class=\" oxilab-flip-box-body-1 oxilab-flip-box-body-1-14\">\n                                                        <div class=\"oxilab-flip-box-body-absulote\">\n                                <div class=\"oxilab-flip-box-flip oxilab-flip-box-flip-left-to-right\">\n                                    <div class=\"oxilab-flip-box-style-data easing_easeInOutCirc\">\n                                        <div class=\"oxilab-flip-box-style\">\n                                            <div class=\"oxilab-flip-box-front\">\n                                                <div class=\"oxilab-flip-box-1\">\n                                                    <div class=\"oxilab-flip-box-1-data\">\n\n                                                    <\/div>\n                                                <\/div>\n                                            <\/div>\n                                            <div class=\"oxilab-flip-box-back\">\n                                                <div class=\"oxilab-flip-box-back-1\">\n                                                    <div class=\"oxilab-flip-box-back-1-data\">\n                                                        <div class=\"oxilab-heading\">\n                                                            Richard P\u00e9tris                                                        <\/div>\n                                                        <div class=\"oxilab-info\">\n                                                            <i>Pr\u00e9sident et fondateur de l\\'association<\/i><br>\r\n_                                                        <\/div>\n                                                                                                            <\/div>\n                                                <\/div>\n                                            <\/div>\n                                        <\/div>\n                                    <\/div>\n                                <\/div>\n                            <\/div>\n                                                    <\/div>\n\n\n                        \n                    <\/div>\n                                        <div class=\"oxilab-flip-box-col-4 oxilab-flip-box-padding-1\"\n                        sa-data-animation=\"\"\n                        sa-data-animation-offset=\"100%\"\r\n                        sa-data-animation-delay=\"0ms\"\r\n                        sa-data-animation-duration=\" 2000ms\"\n                        >\r\n                        <div class=\" oxilab-flip-box-body-1 oxilab-flip-box-body-1-15\">\n                                                        <div class=\"oxilab-flip-box-body-absulote\">\n                                <div class=\"oxilab-flip-box-flip oxilab-flip-box-flip-left-to-right\">\n                                    <div class=\"oxilab-flip-box-style-data easing_easeInOutCirc\">\n                                        <div class=\"oxilab-flip-box-style\">\n                                            <div class=\"oxilab-flip-box-front\">\n                                                <div class=\"oxilab-flip-box-1\">\n                                                    <div class=\"oxilab-flip-box-1-data\">\n\n                                                    <\/div>\n                                                <\/div>\n                                            <\/div>\n                                            <div class=\"oxilab-flip-box-back\">\n                                                <div class=\"oxilab-flip-box-back-1\">\n                                                    <div class=\"oxilab-flip-box-back-1-data\">\n                                                        <div class=\"oxilab-heading\">\n                                                            Yali                                                        <\/div>\n                                                        <div class=\"oxilab-info\">\n                                                            <i>Coordinateur du R\u00e9seau France Colombie Solidarit\u00e9s (RFCS) et responsable des activit\u00e9s en France dans le cadre du programme Ensemble pour la paix.<\/i> <br>\r\n\u2013<br>\r\n<br>\r\nResponsable de personnel au sein du Conseil d\u2019administration de l\u2019Organisation Internationale Droits Humains Actions Colombie, en repr\u00e9sentation du RFCS.                                                        <\/div>\n                                                                                                            <\/div>\n                                                <\/div>\n                                            <\/div>\n                                        <\/div>\n                                    <\/div>\n                                <\/div>\n                            <\/div>\n                                                    <\/div>\n\n\n                        \n                    <\/div>\n                                        <div class=\"oxilab-flip-box-col-4 oxilab-flip-box-padding-1\"\n                        sa-data-animation=\"\"\n                        sa-data-animation-offset=\"100%\"\r\n                        sa-data-animation-delay=\"0ms\"\r\n                        sa-data-animation-duration=\" 2000ms\"\n                        >\r\n                        <div class=\" oxilab-flip-box-body-1 oxilab-flip-box-body-1-16\">\n                                                        <div class=\"oxilab-flip-box-body-absulote\">\n                                <div class=\"oxilab-flip-box-flip oxilab-flip-box-flip-left-to-right\">\n                                    <div class=\"oxilab-flip-box-style-data easing_easeInOutCirc\">\n                                        <div class=\"oxilab-flip-box-style\">\n                                            <div class=\"oxilab-flip-box-front\">\n                                                <div class=\"oxilab-flip-box-1\">\n                                                    <div class=\"oxilab-flip-box-1-data\">\n\n                                                    <\/div>\n                                                <\/div>\n                                            <\/div>\n                                            <div class=\"oxilab-flip-box-back\">\n                                                <div class=\"oxilab-flip-box-back-1\">\n                                                    <div class=\"oxilab-flip-box-back-1-data\">\n                                                        <div class=\"oxilab-heading\">\n                                                            Nym Colpart                                                        <\/div>\n                                                        <div class=\"oxilab-info\">\n                                                            <i>B\u00e9n\u00e9vole communication<\/i><br>\r\n_<br>\r\n<br>\r\nEn charge de la communication multim\u00e9dia de l\u2019EDP (site web, Newsletter\u2026) et aide ponctuelle sur d\u2019autres projets de l\u2019Ecole de la paix et du RFCS.                                                        <\/div>\n                                                                                                            <\/div>\n                                                <\/div>\n                                            <\/div>\n                                        <\/div>\n                                    <\/div>\n                                <\/div>\n                            <\/div>\n                                                    <\/div>\n\n\n                        \n                    <\/div>\n                                        <div class=\"oxilab-flip-box-col-4 oxilab-flip-box-padding-1\"\n                        sa-data-animation=\"\"\n                        sa-data-animation-offset=\"100%\"\r\n                        sa-data-animation-delay=\"0ms\"\r\n                        sa-data-animation-duration=\" 2000ms\"\n                        >\r\n                        <div class=\" oxilab-flip-box-body-1 oxilab-flip-box-body-1-17\">\n                                                        <div class=\"oxilab-flip-box-body-absulote\">\n                                <div class=\"oxilab-flip-box-flip oxilab-flip-box-flip-left-to-right\">\n                                    <div class=\"oxilab-flip-box-style-data easing_easeInOutCirc\">\n                                        <div class=\"oxilab-flip-box-style\">\n                                            <div class=\"oxilab-flip-box-front\">\n                                                <div class=\"oxilab-flip-box-1\">\n                                                    <div class=\"oxilab-flip-box-1-data\">\n\n                                                    <\/div>\n                                                <\/div>\n                                            <\/div>\n                                            <div class=\"oxilab-flip-box-back\">\n                                                <div class=\"oxilab-flip-box-back-1\">\n                                                    <div class=\"oxilab-flip-box-back-1-data\">\n                                                        <div class=\"oxilab-heading\">\n                                                            Chlo\u00e9 Ndiaye                                                        <\/div>\n                                                        <div class=\"oxilab-info\">\n                                                            <i>Stagiaire<\/i> <br>\r\n_<br>\r\n<br>\r\nCo-charg\u00e9e de mission du projet Sant\u00e9-Femmes \u00e0 Grenoble et au S\u00e9n\u00e9gal autour de la pr\u00e9carit\u00e9 menstruelle. \r\nResponsable d\u2019un projet d\u2019\u00e9change scolaire entre Grenoble et Mayotte, qui s\u2019inscrit dans une r\u00e9flexion plus large cherchant \u00e0 associer l\u2019art et la paix.                                                        <\/div>\n                                                                                                            <\/div>\n                                                <\/div>\n                                            <\/div>\n                                        <\/div>\n                                    <\/div>\n                                <\/div>\n                            <\/div>\n                                                    <\/div>\n\n\n                        \n                    <\/div>\n                                        <div class=\"oxilab-flip-box-col-4 oxilab-flip-box-padding-1\"\n                        sa-data-animation=\"\"\n                        sa-data-animation-offset=\"100%\"\r\n                        sa-data-animation-delay=\"0ms\"\r\n                        sa-data-animation-duration=\" 2000ms\"\n                        >\r\n                        <div class=\" oxilab-flip-box-body-1 oxilab-flip-box-body-1-18\">\n                                                        <div class=\"oxilab-flip-box-body-absulote\">\n                                <div class=\"oxilab-flip-box-flip oxilab-flip-box-flip-left-to-right\">\n                                    <div class=\"oxilab-flip-box-style-data easing_easeInOutCirc\">\n                                        <div class=\"oxilab-flip-box-style\">\n                                            <div class=\"oxilab-flip-box-front\">\n                                                <div class=\"oxilab-flip-box-1\">\n                                                    <div class=\"oxilab-flip-box-1-data\">\n\n                                                    <\/div>\n                                                <\/div>\n                                            <\/div>\n                                            <div class=\"oxilab-flip-box-back\">\n                                                <div class=\"oxilab-flip-box-back-1\">\n                                                    <div class=\"oxilab-flip-box-back-1-data\">\n                                                        <div class=\"oxilab-heading\">\n                                                            Jessica                                                        <\/div>\n                                                        <div class=\"oxilab-info\">\n                                                            <i>Charg\u00e9e de missions<\/i> <br>\r\n_<br>\r\n<br>\r\nCharg\u00e9e de projet \u201cDes Alpes aux Andes entre les villes de Crolles (France) et Zapatoca (Colombie). &amp;#32\r\nCo-r\u00e9f\u00e9rente pour le projet Kosmopolites du P\u00f4le de Solidarit\u00e9 Internationale.                                                        <\/div>\n                                                                                                            <\/div>\n                                                <\/div>\n                                            <\/div>\n                                        <\/div>\n                                    <\/div>\n                                <\/div>\n                            <\/div>\n                                                    <\/div>\n\n\n                        \n                    <\/div>\n                    \n\n        <\/div>\n        <\/div>\n\n\n\n<div style=\"height:20px\" aria-hidden=\"true\" class=\"wp-block-spacer\"><\/div>\n\n\n\n<div class=\"wp-block-columns is-layout-flex wp-container-core-columns-is-layout-28f84493 wp-block-columns-is-layout-flex\">\n<div class=\"wp-block-column is-layout-flow wp-block-column-is-layout-flow\" style=\"flex-basis:25%\"><\/div>\n\n\n\n<div class=\"wp-block-column is-layout-flow wp-block-column-is-layout-flow\" style=\"flex-basis:50%\">\n<div class=\"wp-block-buttons is-layout-flex wp-block-buttons-is-layout-flex\">\n<div class=\"wp-block-button has-custom-width wp-block-button__width-100 has-custom-font-size has-medium-font-size\"><a class=\"wp-block-button__link has-luminous-vivid-orange-background-color has-background\" href=\"https:\/\/www.helloasso.com\/associations\/ecole-de-la-paix\/formulaires\/1\" target=\"_blank\" rel=\"noreferrer noopener\">Support us<\/a><\/div>\n<\/div>\n<\/div>\n\n\n\n<div class=\"wp-block-column is-layout-flow wp-block-column-is-layout-flow\" style=\"flex-basis:25%\"><\/div>\n<\/div>\n\n\n\n<div class=\"wp-block-buttons is-layout-flex wp-block-buttons-is-layout-flex\"><\/div>\n\n\n\n<div style=\"height:20px\" aria-hidden=\"true\" class=\"wp-block-spacer\"><\/div>\n\n\n\n<div style=\"height:20px\" aria-hidden=\"true\" class=\"wp-block-spacer\"><\/div>\n\n\n\n<div style=\"height:20px\" aria-hidden=\"true\" class=\"wp-block-spacer\"><\/div>\n\n\n\n<div class=\"wp-block-group is-layout-flow wp-block-group-is-layout-flow\">\n<div class=\"wp-block-columns is-layout-flex wp-container-core-columns-is-layout-28f84493 wp-block-columns-is-layout-flex\">\n<div class=\"wp-block-column is-layout-flow wp-block-column-is-layout-flow\" style=\"flex-basis:66.66%\">\n<div style=\"height:20px\" aria-hidden=\"true\" class=\"wp-block-spacer\"><\/div>\n\n\n\n<p>Depuis 1998, L&rsquo;<strong>\u00e9cole de la paix<\/strong> se consacre \u00e0 la promotion d\u2019une culture de la <strong>paix<\/strong> et du <strong>vivre ensemble<\/strong>.<\/p>\n\n\n\n<p>L\u2019\u00e9cole de la paix a \u00e9t\u00e9 cr\u00e9\u00e9e en 1998, \u00e0 l\u2019initiative de <strong>Richard P\u00e9tris<\/strong>, sous forme d\u2019association loi 1901, par des citoyens engag\u00e9s entour\u00e9s&nbsp;<a href=\"https:\/\/www.ecoledelapaix.org\/wordpress\/partenaires\" data-type=\"URL\" data-id=\"https:\/\/www.ecoledelapaix.org\/wordpress\/partenaires\" target=\"_blank\" rel=\"noreferrer noopener\">d\u2019institutionnels et de parrains prestigieux<\/a>.<\/p>\n\n\n\n<p>Elle r\u00e9unit aujourd\u2019hui 200 adh\u00e9rents, de nombreux b\u00e9n\u00e9voles et des&nbsp;<a href=\"https:\/\/www.ecoledelapaix.org\/spip.php?article5\">permanents<\/a>. Son&nbsp;<a href=\"https:\/\/www.ecoledelapaix.org\/IMG\/pdf\/2019-ca_et_bureau.pdf\">conseil d\u2019administration<\/a>&nbsp;est compos\u00e9 de 20 membres dont 9 constituent le bureau. Nous pouvons mentionner que la ville de <strong>Grenoble<\/strong> est membre de droit du Conseil d\u2019administration de l\u2019\u00e9cole de la paix.<\/p>\n\n\n\n<p>Elle a depuis longtemps obtenu l\u2019agr\u00e9ment d\u00e9partemental<br>d\u2019\u00e9ducation populaire de la Direction D\u00e9partementale et de la Coh\u00e9sion Sociale de l\u2019Is\u00e8re et l\u2019agr\u00e9ment du conseil acad\u00e9mique des associations \u00e9ducatives compl\u00e9mentaires de l\u2019enseignement public.<\/p>\n\n\n\n<blockquote class=\"wp-block-quote is-layout-flow wp-block-quote-is-layout-flow\"><p>Chaque ann\u00e9e, un million de personnes en moyenne meurent pour cause de guerre alors que des millions d&rsquo;autres sont d\u00e9plac\u00e9s. Les conflits sont la cause principale de la faim dans le monde. <strong>L&rsquo;\u00c9cole de la paix<\/strong> &#8211; sans appartenance politique ni confessionnelle &#8211; apporte tous les jours son esprit d&rsquo;ouverture et de respect des autres. C&rsquo;est \u00e0 chacun d&rsquo;entre nous de suivre cet exemple et d&rsquo;y contribuer.<\/p><cite>Bernard Clavel<\/cite><\/blockquote>\n\n\n\n<p><a rel=\"noreferrer noopener\" href=\"http:\/\/www.ecoledelapaix.org\/IMG\/pdf\/historique.pdf\" target=\"_blank\">L\u2019historique de ses actions<\/a>&nbsp;est riche et permet de d\u00e9gager des lignes de force autour de la volont\u00e9 constante de l\u2019\u00e9cole de lier \u00e9troitement p\u00e9dagogie du vivre ensemble, recherche<br>et ouverture solidaire au monde.<\/p>\n\n\n\n<p>Nous vous invitons \u00e0 lire&nbsp;<a href=\"https:\/\/www.ecoledelapaix.org\/IMG\/pdf\/rapport_activite_2016_presente_AG.pdf\">le rapport d\u2019activit\u00e9s 2016<\/a>.<br>Consultez \u00e9galement,&nbsp;<a href=\"https:\/\/www.ecoledelapaix.org\/IMG\/pdf\/Rapportdactivites2015Version08decembre2016.pdf\">le rapport d\u2019activit\u00e9s 2015<\/a>,&nbsp;<a href=\"http:\/\/www.ecoledelapaix.org\/IMG\/pdf\/Rapport_d_activite_2014.pdf\" target=\"_blank\" rel=\"noreferrer noopener\">le rapport d\u2019activit\u00e9s 2014<\/a>,&nbsp;<a href=\"http:\/\/www.ecoledelapaix.org\/IMG\/pdf\/rapport_d_activite.pdf\" target=\"_blank\" rel=\"noreferrer noopener\">le rapport d\u2019activit\u00e9 2013<\/a>&nbsp;ainsi que&nbsp;<a href=\"http:\/\/fr.calameo.com\/read\/002427674aebb9feaee81\" target=\"_blank\" rel=\"noreferrer noopener\">le rapport d\u2019activit\u00e9s 2012<\/a>&nbsp;et&nbsp;<a href=\"http:\/\/www.ecoledelapaix.org\/IMG\/pdf\/Rapport_moral_du_president.pdf\" target=\"_blank\" rel=\"noreferrer noopener\">le rapport moral 2012<\/a>. Vous pouvez \u00e9galement consulter ses&nbsp;<a href=\"http:\/\/www.ecoledelapaix.org\/IMG\/pdf\/Ecole_de_la_paix_-_statuts_2012.pdf\" target=\"_blank\" rel=\"noreferrer noopener\">statuts<\/a>&nbsp;ainsi que la&nbsp;<a href=\"http:\/\/ecoledelapaix.org\/IMG\/pdf\/Plaquette_EDP_A4-Final.pdf\" target=\"_blank\" rel=\"noreferrer noopener\">Plaquette<\/a><\/p>\n\n\n\n<div style=\"height:20px\" aria-hidden=\"true\" class=\"wp-block-spacer\"><\/div>\n<\/div>\n\n\n\n<div class=\"wp-block-column is-layout-flow wp-block-column-is-layout-flow\" style=\"flex-basis:33.33%\">\n<div style=\"height:20px\" aria-hidden=\"true\" class=\"wp-block-spacer\"><\/div>\n\n\n\n<h4 class=\"has-text-align-center wp-block-heading\">Nos partenaires<\/h4>\n\n\n\n<div style=\"height:20px\" aria-hidden=\"true\" class=\"wp-block-spacer\"><\/div>\n\n\n\n<div class=\"wp-block-image\"><figure class=\"aligncenter size-full\"><a href=\"https:\/\/www.grenoble.fr\"><img decoding=\"async\" data-src=\"http:\/\/localhost\/Reseau_France_Colombie_Solidarites\/wordpress\/wp-content\/uploads\/2021\/10\/logosw2-1.jpg\" alt=\"\" class=\"wp-image-497 lazyload\" src=\"data:image\/svg+xml;base64,PHN2ZyB3aWR0aD0iMSIgaGVpZ2h0PSIxIiB4bWxucz0iaHR0cDovL3d3dy53My5vcmcvMjAwMC9zdmciPjwvc3ZnPg==\" \/><\/a><\/figure><\/div>\n\n\n\n<div class=\"wp-block-image\"><figure class=\"aligncenter size-full\"><a href=\"http:\/\/www.fph.ch\/index_fr.html\"><img decoding=\"async\" data-src=\"http:\/\/localhost\/Reseau_France_Colombie_Solidarites\/wordpress\/wp-content\/uploads\/2021\/10\/logosw-1.jpg\" alt=\"\" class=\"wp-image-496 lazyload\" src=\"data:image\/svg+xml;base64,PHN2ZyB3aWR0aD0iMSIgaGVpZ2h0PSIxIiB4bWxucz0iaHR0cDovL3d3dy53My5vcmcvMjAwMC9zdmciPjwvc3ZnPg==\" \/><\/a><\/figure><\/div>\n\n\n\n<div class=\"wp-block-image\"><figure class=\"aligncenter size-full\"><a href=\"https:\/\/www.auvergnerhonealpes.fr\/\"><img decoding=\"async\" data-src=\"http:\/\/localhost\/Reseau_France_Colombie_Solidarites\/wordpress\/wp-content\/uploads\/2021\/10\/logosw3-1.jpg\" alt=\"\" class=\"wp-image-498 lazyload\" src=\"data:image\/svg+xml;base64,PHN2ZyB3aWR0aD0iMSIgaGVpZ2h0PSIxIiB4bWxucz0iaHR0cDovL3d3dy53My5vcmcvMjAwMC9zdmciPjwvc3ZnPg==\" \/><\/a><\/figure><\/div>\n\n\n\n<div class=\"wp-block-image\"><figure class=\"aligncenter size-full\"><a href=\"https:\/\/www.isere.fr\/\"><img decoding=\"async\" data-src=\"http:\/\/localhost\/Reseau_France_Colombie_Solidarites\/wordpress\/wp-content\/uploads\/2021\/10\/logosw4.jpg\" alt=\"\" class=\"wp-image-491 lazyload\" src=\"data:image\/svg+xml;base64,PHN2ZyB3aWR0aD0iMSIgaGVpZ2h0PSIxIiB4bWxucz0iaHR0cDovL3d3dy53My5vcmcvMjAwMC9zdmciPjwvc3ZnPg==\" \/><\/a><\/figure><\/div>\n\n\n\n<div class=\"wp-block-image\"><figure class=\"aligncenter size-full\"><img decoding=\"async\" data-src=\"http:\/\/localhost\/Reseau_France_Colombie_Solidarites\/wordpress\/wp-content\/uploads\/2021\/10\/logosw5.jpg\" alt=\"\" class=\"wp-image-492 lazyload\" src=\"data:image\/svg+xml;base64,PHN2ZyB3aWR0aD0iMSIgaGVpZ2h0PSIxIiB4bWxucz0iaHR0cDovL3d3dy53My5vcmcvMjAwMC9zdmciPjwvc3ZnPg==\" \/><\/figure><\/div>\n\n\n\n<div class=\"wp-block-image\"><figure class=\"aligncenter size-full\"><a href=\"http:\/\/www.irenees.net\/index_fr.html\"><img decoding=\"async\" data-src=\"http:\/\/localhost\/Reseau_France_Colombie_Solidarites\/wordpress\/wp-content\/uploads\/2021\/10\/logosw6.jpg\" alt=\"\" class=\"wp-image-493 lazyload\" src=\"data:image\/svg+xml;base64,PHN2ZyB3aWR0aD0iMSIgaGVpZ2h0PSIxIiB4bWxucz0iaHR0cDovL3d3dy53My5vcmcvMjAwMC9zdmciPjwvc3ZnPg==\" \/><\/a><\/figure><\/div>\n\n\n\n<div class=\"wp-block-buttons is-content-justification-center is-layout-flex wp-block-buttons-is-layout-flex\">\n<div class=\"wp-block-button has-custom-font-size is-style-fill has-small-font-size\"><a class=\"wp-block-button__link has-white-color has-vivid-cyan-blue-background-color has-text-color has-background\" href=\"https:\/\/www.ecoledelapaix.org\/wordpress\/partenaires\/\">Voir tous les partenaires<\/a><\/div>\n<\/div>\n<\/div>\n<\/div>\n<\/div>\n\n\n\n<div style=\"height:20px\" aria-hidden=\"true\" class=\"wp-block-spacer\"><\/div>\n\n\n\n<p class=\"has-text-align-center has-large-font-size\">Nos b\u00e9n\u00e9voles<\/p>\n\n\n<div class=\"oxi-addons-container   oxi-addons-flipbox-template-style5\">        <div class=\"oxilab-flip-box-wrapper\">\n                                <div class=\"oxilab-flip-box-col-4 oxilab-flip-box-padding-1\"\n                        sa-data-animation=\"\"\n                        sa-data-animation-offset=\"100%\"\r\n                        sa-data-animation-delay=\"0ms\"\r\n                        sa-data-animation-duration=\" 2000ms\"\n                        >\r\n                        <div class=\" oxilab-flip-box-body-1 oxilab-flip-box-body-1-14\">\n                                                        <div class=\"oxilab-flip-box-body-absulote\">\n                                <div class=\"oxilab-flip-box-flip oxilab-flip-box-flip-left-to-right\">\n                                    <div class=\"oxilab-flip-box-style-data easing_easeInOutCirc\">\n                                        <div class=\"oxilab-flip-box-style\">\n                                            <div class=\"oxilab-flip-box-front\">\n                                                <div class=\"oxilab-flip-box-1\">\n                                                    <div class=\"oxilab-flip-box-1-data\">\n\n                                                    <\/div>\n                                                <\/div>\n                                            <\/div>\n                                            <div class=\"oxilab-flip-box-back\">\n                                                <div class=\"oxilab-flip-box-back-1\">\n                                                    <div class=\"oxilab-flip-box-back-1-data\">\n                                                        <div class=\"oxilab-heading\">\n                                                            Richard P\u00e9tris                                                        <\/div>\n                                                        <div class=\"oxilab-info\">\n                                                            <i>Pr\u00e9sident et fondateur de l\\'association<\/i><br>\r\n_                                                        <\/div>\n                                                                                                            <\/div>\n                                                <\/div>\n                                            <\/div>\n                                        <\/div>\n                                    <\/div>\n                                <\/div>\n                            <\/div>\n                                                    <\/div>\n\n\n                        \n                    <\/div>\n                                        <div class=\"oxilab-flip-box-col-4 oxilab-flip-box-padding-1\"\n                        sa-data-animation=\"\"\n                        sa-data-animation-offset=\"100%\"\r\n                        sa-data-animation-delay=\"0ms\"\r\n                        sa-data-animation-duration=\" 2000ms\"\n                        >\r\n                        <div class=\" oxilab-flip-box-body-1 oxilab-flip-box-body-1-15\">\n                                                        <div class=\"oxilab-flip-box-body-absulote\">\n                                <div class=\"oxilab-flip-box-flip oxilab-flip-box-flip-left-to-right\">\n                                    <div class=\"oxilab-flip-box-style-data easing_easeInOutCirc\">\n                                        <div class=\"oxilab-flip-box-style\">\n                                            <div class=\"oxilab-flip-box-front\">\n                                                <div class=\"oxilab-flip-box-1\">\n                                                    <div class=\"oxilab-flip-box-1-data\">\n\n                                                    <\/div>\n                                                <\/div>\n                                            <\/div>\n                                            <div class=\"oxilab-flip-box-back\">\n                                                <div class=\"oxilab-flip-box-back-1\">\n                                                    <div class=\"oxilab-flip-box-back-1-data\">\n                                                        <div class=\"oxilab-heading\">\n                                                            Yali                                                        <\/div>\n                                                        <div class=\"oxilab-info\">\n                                                            <i>Coordinateur du R\u00e9seau France Colombie Solidarit\u00e9s (RFCS) et responsable des activit\u00e9s en France dans le cadre du programme Ensemble pour la paix.<\/i> <br>\r\n\u2013<br>\r\n<br>\r\nResponsable de personnel au sein du Conseil d\u2019administration de l\u2019Organisation Internationale Droits Humains Actions Colombie, en repr\u00e9sentation du RFCS.                                                        <\/div>\n                                                                                                            <\/div>\n                                                <\/div>\n                                            <\/div>\n                                        <\/div>\n                                    <\/div>\n                                <\/div>\n                            <\/div>\n                                                    <\/div>\n\n\n                        \n                    <\/div>\n                                        <div class=\"oxilab-flip-box-col-4 oxilab-flip-box-padding-1\"\n                        sa-data-animation=\"\"\n                        sa-data-animation-offset=\"100%\"\r\n                        sa-data-animation-delay=\"0ms\"\r\n                        sa-data-animation-duration=\" 2000ms\"\n                        >\r\n                        <div class=\" oxilab-flip-box-body-1 oxilab-flip-box-body-1-16\">\n                                                        <div class=\"oxilab-flip-box-body-absulote\">\n                                <div class=\"oxilab-flip-box-flip oxilab-flip-box-flip-left-to-right\">\n                                    <div class=\"oxilab-flip-box-style-data easing_easeInOutCirc\">\n                                        <div class=\"oxilab-flip-box-style\">\n                                            <div class=\"oxilab-flip-box-front\">\n                                                <div class=\"oxilab-flip-box-1\">\n                                                    <div class=\"oxilab-flip-box-1-data\">\n\n                                                    <\/div>\n                                                <\/div>\n                                            <\/div>\n                                            <div class=\"oxilab-flip-box-back\">\n                                                <div class=\"oxilab-flip-box-back-1\">\n                                                    <div class=\"oxilab-flip-box-back-1-data\">\n                                                        <div class=\"oxilab-heading\">\n                                                            Nym Colpart                                                        <\/div>\n                                                        <div class=\"oxilab-info\">\n                                                            <i>B\u00e9n\u00e9vole communication<\/i><br>\r\n_<br>\r\n<br>\r\nEn charge de la communication multim\u00e9dia de l\u2019EDP (site web, Newsletter\u2026) et aide ponctuelle sur d\u2019autres projets de l\u2019Ecole de la paix et du RFCS.                                                        <\/div>\n                                                                                                            <\/div>\n                                                <\/div>\n                                            <\/div>\n                                        <\/div>\n                                    <\/div>\n                                <\/div>\n                            <\/div>\n                                                    <\/div>\n\n\n                        \n                    <\/div>\n                                        <div class=\"oxilab-flip-box-col-4 oxilab-flip-box-padding-1\"\n                        sa-data-animation=\"\"\n                        sa-data-animation-offset=\"100%\"\r\n                        sa-data-animation-delay=\"0ms\"\r\n                        sa-data-animation-duration=\" 2000ms\"\n                        >\r\n                        <div class=\" oxilab-flip-box-body-1 oxilab-flip-box-body-1-17\">\n                                                        <div class=\"oxilab-flip-box-body-absulote\">\n                                <div class=\"oxilab-flip-box-flip oxilab-flip-box-flip-left-to-right\">\n                                    <div class=\"oxilab-flip-box-style-data easing_easeInOutCirc\">\n                                        <div class=\"oxilab-flip-box-style\">\n                                            <div class=\"oxilab-flip-box-front\">\n                                                <div class=\"oxilab-flip-box-1\">\n                                                    <div class=\"oxilab-flip-box-1-data\">\n\n                                                    <\/div>\n                                                <\/div>\n                                            <\/div>\n                                            <div class=\"oxilab-flip-box-back\">\n                                                <div class=\"oxilab-flip-box-back-1\">\n                                                    <div class=\"oxilab-flip-box-back-1-data\">\n                                                        <div class=\"oxilab-heading\">\n                                                            Chlo\u00e9 Ndiaye                                                        <\/div>\n                                                        <div class=\"oxilab-info\">\n                                                            <i>Stagiaire<\/i> <br>\r\n_<br>\r\n<br>\r\nCo-charg\u00e9e de mission du projet Sant\u00e9-Femmes \u00e0 Grenoble et au S\u00e9n\u00e9gal autour de la pr\u00e9carit\u00e9 menstruelle. \r\nResponsable d\u2019un projet d\u2019\u00e9change scolaire entre Grenoble et Mayotte, qui s\u2019inscrit dans une r\u00e9flexion plus large cherchant \u00e0 associer l\u2019art et la paix.                                                        <\/div>\n                                                                                                            <\/div>\n                                                <\/div>\n                                            <\/div>\n                                        <\/div>\n                                    <\/div>\n                                <\/div>\n                            <\/div>\n                                                    <\/div>\n\n\n                        \n                    <\/div>\n                                        <div class=\"oxilab-flip-box-col-4 oxilab-flip-box-padding-1\"\n                        sa-data-animation=\"\"\n                        sa-data-animation-offset=\"100%\"\r\n                        sa-data-animation-delay=\"0ms\"\r\n                        sa-data-animation-duration=\" 2000ms\"\n                        >\r\n                        <div class=\" oxilab-flip-box-body-1 oxilab-flip-box-body-1-18\">\n                                                        <div class=\"oxilab-flip-box-body-absulote\">\n                                <div class=\"oxilab-flip-box-flip oxilab-flip-box-flip-left-to-right\">\n                                    <div class=\"oxilab-flip-box-style-data easing_easeInOutCirc\">\n                                        <div class=\"oxilab-flip-box-style\">\n                                            <div class=\"oxilab-flip-box-front\">\n                                                <div class=\"oxilab-flip-box-1\">\n                                                    <div class=\"oxilab-flip-box-1-data\">\n\n                                                    <\/div>\n                                                <\/div>\n                                            <\/div>\n                                            <div class=\"oxilab-flip-box-back\">\n                                                <div class=\"oxilab-flip-box-back-1\">\n                                                    <div class=\"oxilab-flip-box-back-1-data\">\n                                                        <div class=\"oxilab-heading\">\n                                                            Jessica                                                        <\/div>\n                                                        <div class=\"oxilab-info\">\n                                                            <i>Charg\u00e9e de missions<\/i> <br>\r\n_<br>\r\n<br>\r\nCharg\u00e9e de projet \u201cDes Alpes aux Andes entre les villes de Crolles (France) et Zapatoca (Colombie). &amp;#32\r\nCo-r\u00e9f\u00e9rente pour le projet Kosmopolites du P\u00f4le de Solidarit\u00e9 Internationale.                                                        <\/div>\n                                                                                                            <\/div>\n                                                <\/div>\n                                            <\/div>\n                                        <\/div>\n                                    <\/div>\n                                <\/div>\n                            <\/div>\n                                                    <\/div>\n\n\n                        \n                    <\/div>\n                    \n\n        <\/div>\n        <\/div>\n\n\n\n<div style=\"height:20px\" aria-hidden=\"true\" class=\"wp-block-spacer\"><\/div>\n\n\n\n<div class=\"wp-block-columns is-layout-flex wp-container-core-columns-is-layout-28f84493 wp-block-columns-is-layout-flex\">\n<div class=\"wp-block-column is-layout-flow wp-block-column-is-layout-flow\" style=\"flex-basis:25%\"><\/div>\n\n\n\n<div class=\"wp-block-column is-layout-flow wp-block-column-is-layout-flow\" style=\"flex-basis:50%\">\n<div class=\"wp-block-buttons is-layout-flex wp-block-buttons-is-layout-flex\">\n<div class=\"wp-block-button has-custom-width wp-block-button__width-100 has-custom-font-size has-medium-font-size\"><a class=\"wp-block-button__link has-luminous-vivid-orange-background-color has-background\" href=\"https:\/\/www.helloasso.com\/associations\/ecole-de-la-paix\/formulaires\/1\" target=\"_blank\" rel=\"noreferrer noopener\">Nous soutenir<\/a><\/div>\n<\/div>\n<\/div>\n\n\n\n<div class=\"wp-block-column is-layout-flow wp-block-column-is-layout-flow\" style=\"flex-basis:25%\"><\/div>\n<\/div>\n\n\n\n<div class=\"wp-block-buttons is-layout-flex wp-block-buttons-is-layout-flex\"><\/div>\n\n\n\n<div style=\"height:20px\" aria-hidden=\"true\" class=\"wp-block-spacer\"><\/div>\n\n\n\n<div style=\"height:20px\" aria-hidden=\"true\" class=\"wp-block-spacer\"><\/div>\n\n\n\n<div style=\"height:20px\" aria-hidden=\"true\" class=\"wp-block-spacer\"><\/div>\n","protected":false},"excerpt":{"rendered":"<p>Since 1998, \u00c9cole de la paix&nbsp;is dedicated to promoting a culture of&nbsp;peace&nbsp;and&nbsp;living together. \u00ab\u00a0The school of peace\u00a0\u00bb was created in<\/p>\n","protected":false},"author":2,"featured_media":0,"parent":0,"menu_order":0,"comment_status":"closed","ping_status":"closed","template":"","meta":{"footnotes":""},"class_list":["post-139","page","type-page","status-publish","hentry"],"yoast_head":"<!-- This site is optimized with the Yoast SEO plugin v26.3 - https:\/\/yoast.com\/wordpress\/plugins\/seo\/ -->\n<title>Who are we? - Ensemble,<\/title>\n<meta name=\"robots\" content=\"index, follow, max-snippet:-1, max-image-preview:large, max-video-preview:-1\" \/>\n<link rel=\"canonical\" href=\"https:\/\/www.ecoledelapaix.org\/wordpress\/en\/who-are-we\/\" \/>\n<meta property=\"og:locale\" content=\"fr_FR\" \/>\n<meta property=\"og:type\" content=\"article\" \/>\n<meta property=\"og:title\" content=\"Who are we? - Ensemble,\" \/>\n<meta property=\"og:description\" content=\"Since 1998, \u00c9cole de la paix&nbsp;is dedicated to promoting a culture of&nbsp;peace&nbsp;and&nbsp;living together. \u00ab\u00a0The school of peace\u00a0\u00bb was created in\" \/>\n<meta property=\"og:url\" content=\"https:\/\/www.ecoledelapaix.org\/wordpress\/en\/who-are-we\/\" \/>\n<meta property=\"og:site_name\" content=\"Ensemble,\" \/>\n<meta property=\"article:modified_time\" content=\"2022-01-07T13:04:11+00:00\" \/>\n<meta property=\"og:image\" content=\"http:\/\/www.ecoledelapaix.org\/wordpress\/wp-content\/uploads\/2022\/01\/colombes-.jpg\" \/>\n<meta name=\"twitter:card\" content=\"summary_large_image\" \/>\n<meta name=\"twitter:label1\" content=\"Dur\u00e9e de lecture estim\u00e9e\" \/>\n\t<meta name=\"twitter:data1\" content=\"3 minutes\" \/>\n<script type=\"application\/ld+json\" class=\"yoast-schema-graph\">{\"@context\":\"https:\/\/schema.org\",\"@graph\":[{\"@type\":\"WebPage\",\"@id\":\"https:\/\/www.ecoledelapaix.org\/wordpress\/en\/who-are-we\/\",\"url\":\"https:\/\/www.ecoledelapaix.org\/wordpress\/en\/who-are-we\/\",\"name\":\"Who are we? - Ensemble,\",\"isPartOf\":{\"@id\":\"https:\/\/www.ecoledelapaix.org\/wordpress\/#website\"},\"primaryImageOfPage\":{\"@id\":\"https:\/\/www.ecoledelapaix.org\/wordpress\/en\/who-are-we\/#primaryimage\"},\"image\":{\"@id\":\"https:\/\/www.ecoledelapaix.org\/wordpress\/en\/who-are-we\/#primaryimage\"},\"thumbnailUrl\":\"http:\/\/www.ecoledelapaix.org\/wordpress\/wp-content\/uploads\/2022\/01\/colombes-.jpg\",\"datePublished\":\"2022-01-07T12:51:23+00:00\",\"dateModified\":\"2022-01-07T13:04:11+00:00\",\"breadcrumb\":{\"@id\":\"https:\/\/www.ecoledelapaix.org\/wordpress\/en\/who-are-we\/#breadcrumb\"},\"inLanguage\":\"fr-FR\",\"potentialAction\":[{\"@type\":\"ReadAction\",\"target\":[\"https:\/\/www.ecoledelapaix.org\/wordpress\/en\/who-are-we\/\"]}]},{\"@type\":\"ImageObject\",\"inLanguage\":\"fr-FR\",\"@id\":\"https:\/\/www.ecoledelapaix.org\/wordpress\/en\/who-are-we\/#primaryimage\",\"url\":\"https:\/\/www.ecoledelapaix.org\/wordpress\/wp-content\/uploads\/2022\/01\/colombes-.jpg\",\"contentUrl\":\"https:\/\/www.ecoledelapaix.org\/wordpress\/wp-content\/uploads\/2022\/01\/colombes-.jpg\",\"width\":1280,\"height\":720},{\"@type\":\"BreadcrumbList\",\"@id\":\"https:\/\/www.ecoledelapaix.org\/wordpress\/en\/who-are-we\/#breadcrumb\",\"itemListElement\":[{\"@type\":\"ListItem\",\"position\":1,\"name\":\"Accueil\",\"item\":\"http:\/\/www.ecoledelapaix.org\/wordpress\/\"},{\"@type\":\"ListItem\",\"position\":2,\"name\":\"Who are we?\"}]},{\"@type\":\"WebSite\",\"@id\":\"https:\/\/www.ecoledelapaix.org\/wordpress\/#website\",\"url\":\"https:\/\/www.ecoledelapaix.org\/wordpress\/\",\"name\":\"Ensemble,\",\"description\":\"agissons pour la paix par l&#039;\u00e9ducation\",\"publisher\":{\"@id\":\"https:\/\/www.ecoledelapaix.org\/wordpress\/#organization\"},\"potentialAction\":[{\"@type\":\"SearchAction\",\"target\":{\"@type\":\"EntryPoint\",\"urlTemplate\":\"https:\/\/www.ecoledelapaix.org\/wordpress\/?s={search_term_string}\"},\"query-input\":{\"@type\":\"PropertyValueSpecification\",\"valueRequired\":true,\"valueName\":\"search_term_string\"}}],\"inLanguage\":\"fr-FR\"},{\"@type\":\"Organization\",\"@id\":\"https:\/\/www.ecoledelapaix.org\/wordpress\/#organization\",\"name\":\"\u00c9cole de la paix\",\"url\":\"https:\/\/www.ecoledelapaix.org\/wordpress\/\",\"logo\":{\"@type\":\"ImageObject\",\"inLanguage\":\"fr-FR\",\"@id\":\"https:\/\/www.ecoledelapaix.org\/wordpress\/#\/schema\/logo\/image\/\",\"url\":\"https:\/\/www.ecoledelapaix.org\/wordpress\/wp-content\/uploads\/2022\/01\/cropped-LOGO.png\",\"contentUrl\":\"https:\/\/www.ecoledelapaix.org\/wordpress\/wp-content\/uploads\/2022\/01\/cropped-LOGO.png\",\"width\":200,\"height\":85,\"caption\":\"\u00c9cole de la paix\"},\"image\":{\"@id\":\"https:\/\/www.ecoledelapaix.org\/wordpress\/#\/schema\/logo\/image\/\"}}]}<\/script>\n<!-- \/ Yoast SEO plugin. -->","yoast_head_json":{"title":"Who are we? - Ensemble,","robots":{"index":"index","follow":"follow","max-snippet":"max-snippet:-1","max-image-preview":"max-image-preview:large","max-video-preview":"max-video-preview:-1"},"canonical":"https:\/\/www.ecoledelapaix.org\/wordpress\/en\/who-are-we\/","og_locale":"fr_FR","og_type":"article","og_title":"Who are we? - Ensemble,","og_description":"Since 1998, \u00c9cole de la paix&nbsp;is dedicated to promoting a culture of&nbsp;peace&nbsp;and&nbsp;living together. \u00ab\u00a0The school of peace\u00a0\u00bb was created in","og_url":"https:\/\/www.ecoledelapaix.org\/wordpress\/en\/who-are-we\/","og_site_name":"Ensemble,","article_modified_time":"2022-01-07T13:04:11+00:00","og_image":[{"url":"http:\/\/www.ecoledelapaix.org\/wordpress\/wp-content\/uploads\/2022\/01\/colombes-.jpg","type":"","width":"","height":""}],"twitter_card":"summary_large_image","twitter_misc":{"Dur\u00e9e de lecture estim\u00e9e":"3 minutes"},"schema":{"@context":"https:\/\/schema.org","@graph":[{"@type":"WebPage","@id":"https:\/\/www.ecoledelapaix.org\/wordpress\/en\/who-are-we\/","url":"https:\/\/www.ecoledelapaix.org\/wordpress\/en\/who-are-we\/","name":"Who are we? - Ensemble,","isPartOf":{"@id":"https:\/\/www.ecoledelapaix.org\/wordpress\/#website"},"primaryImageOfPage":{"@id":"https:\/\/www.ecoledelapaix.org\/wordpress\/en\/who-are-we\/#primaryimage"},"image":{"@id":"https:\/\/www.ecoledelapaix.org\/wordpress\/en\/who-are-we\/#primaryimage"},"thumbnailUrl":"http:\/\/www.ecoledelapaix.org\/wordpress\/wp-content\/uploads\/2022\/01\/colombes-.jpg","datePublished":"2022-01-07T12:51:23+00:00","dateModified":"2022-01-07T13:04:11+00:00","breadcrumb":{"@id":"https:\/\/www.ecoledelapaix.org\/wordpress\/en\/who-are-we\/#breadcrumb"},"inLanguage":"fr-FR","potentialAction":[{"@type":"ReadAction","target":["https:\/\/www.ecoledelapaix.org\/wordpress\/en\/who-are-we\/"]}]},{"@type":"ImageObject","inLanguage":"fr-FR","@id":"https:\/\/www.ecoledelapaix.org\/wordpress\/en\/who-are-we\/#primaryimage","url":"https:\/\/www.ecoledelapaix.org\/wordpress\/wp-content\/uploads\/2022\/01\/colombes-.jpg","contentUrl":"https:\/\/www.ecoledelapaix.org\/wordpress\/wp-content\/uploads\/2022\/01\/colombes-.jpg","width":1280,"height":720},{"@type":"BreadcrumbList","@id":"https:\/\/www.ecoledelapaix.org\/wordpress\/en\/who-are-we\/#breadcrumb","itemListElement":[{"@type":"ListItem","position":1,"name":"Accueil","item":"http:\/\/www.ecoledelapaix.org\/wordpress\/"},{"@type":"ListItem","position":2,"name":"Who are we?"}]},{"@type":"WebSite","@id":"https:\/\/www.ecoledelapaix.org\/wordpress\/#website","url":"https:\/\/www.ecoledelapaix.org\/wordpress\/","name":"Ensemble,","description":"agissons pour la paix par l&#039;\u00e9ducation","publisher":{"@id":"https:\/\/www.ecoledelapaix.org\/wordpress\/#organization"},"potentialAction":[{"@type":"SearchAction","target":{"@type":"EntryPoint","urlTemplate":"https:\/\/www.ecoledelapaix.org\/wordpress\/?s={search_term_string}"},"query-input":{"@type":"PropertyValueSpecification","valueRequired":true,"valueName":"search_term_string"}}],"inLanguage":"fr-FR"},{"@type":"Organization","@id":"https:\/\/www.ecoledelapaix.org\/wordpress\/#organization","name":"\u00c9cole de la paix","url":"https:\/\/www.ecoledelapaix.org\/wordpress\/","logo":{"@type":"ImageObject","inLanguage":"fr-FR","@id":"https:\/\/www.ecoledelapaix.org\/wordpress\/#\/schema\/logo\/image\/","url":"https:\/\/www.ecoledelapaix.org\/wordpress\/wp-content\/uploads\/2022\/01\/cropped-LOGO.png","contentUrl":"https:\/\/www.ecoledelapaix.org\/wordpress\/wp-content\/uploads\/2022\/01\/cropped-LOGO.png","width":200,"height":85,"caption":"\u00c9cole de la paix"},"image":{"@id":"https:\/\/www.ecoledelapaix.org\/wordpress\/#\/schema\/logo\/image\/"}}]}},"_links":{"self":[{"href":"https:\/\/www.ecoledelapaix.org\/wordpress\/wp-json\/wp\/v2\/pages\/139","targetHints":{"allow":["GET"]}}],"collection":[{"href":"https:\/\/www.ecoledelapaix.org\/wordpress\/wp-json\/wp\/v2\/pages"}],"about":[{"href":"https:\/\/www.ecoledelapaix.org\/wordpress\/wp-json\/wp\/v2\/types\/page"}],"author":[{"embeddable":true,"href":"https:\/\/www.ecoledelapaix.org\/wordpress\/wp-json\/wp\/v2\/users\/2"}],"replies":[{"embeddable":true,"href":"https:\/\/www.ecoledelapaix.org\/wordpress\/wp-json\/wp\/v2\/comments?post=139"}],"version-history":[{"count":5,"href":"https:\/\/www.ecoledelapaix.org\/wordpress\/wp-json\/wp\/v2\/pages\/139\/revisions"}],"predecessor-version":[{"id":150,"href":"https:\/\/www.ecoledelapaix.org\/wordpress\/wp-json\/wp\/v2\/pages\/139\/revisions\/150"}],"wp:attachment":[{"href":"https:\/\/www.ecoledelapaix.org\/wordpress\/wp-json\/wp\/v2\/media?parent=139"}],"curies":[{"name":"wp","href":"https:\/\/api.w.org\/{rel}","templated":true}]}}