{"id":152,"date":"2022-01-07T14:21:49","date_gmt":"2022-01-07T13:21:49","guid":{"rendered":"http:\/\/www.ecoledelapaix.org\/wordpress\/?page_id=152"},"modified":"2022-01-08T09:19:09","modified_gmt":"2022-01-08T08:19:09","slug":"quienes-somos","status":"publish","type":"page","link":"https:\/\/www.ecoledelapaix.org\/wordpress\/es\/quienes-somos\/","title":{"rendered":"\u00bf Qui\u00e9nes somos ?"},"content":{"rendered":"\n<div class=\"wp-block-cover alignfull has-background-dim\" style=\"min-height:140px;aspect-ratio:unset;\"><img decoding=\"async\" width=\"1280\" height=\"720\" class=\"wp-block-cover__image-background wp-image-125 lazyload\" alt=\"\" data-src=\"https:\/\/www.ecoledelapaix.org\/wordpress\/wp-content\/uploads\/2022\/01\/colombes-.jpg\" data-object-fit=\"cover\" data-srcset=\"https:\/\/www.ecoledelapaix.org\/wordpress\/wp-content\/uploads\/2022\/01\/colombes-.jpg 1280w, https:\/\/www.ecoledelapaix.org\/wordpress\/wp-content\/uploads\/2022\/01\/colombes--300x169.jpg 300w, https:\/\/www.ecoledelapaix.org\/wordpress\/wp-content\/uploads\/2022\/01\/colombes--1024x576.jpg 1024w, https:\/\/www.ecoledelapaix.org\/wordpress\/wp-content\/uploads\/2022\/01\/colombes--768x432.jpg 768w\" data-sizes=\"(max-width: 1280px) 100vw, 1280px\" src=\"data:image\/svg+xml;base64,PHN2ZyB3aWR0aD0iMSIgaGVpZ2h0PSIxIiB4bWxucz0iaHR0cDovL3d3dy53My5vcmcvMjAwMC9zdmciPjwvc3ZnPg==\" style=\"--smush-placeholder-width: 1280px; --smush-placeholder-aspect-ratio: 1280\/720;\" \/><div class=\"wp-block-cover__inner-container is-layout-flow wp-block-cover-is-layout-flow\">\n<p class=\"has-text-align-center has-large-font-size\"><strong>\u00c9cole de la paix<\/strong><\/p>\n<\/div><\/div>\n\n\n\n<div class=\"wp-block-group is-layout-flow wp-block-group-is-layout-flow\">\n<div class=\"wp-block-columns is-layout-flex wp-container-core-columns-is-layout-28f84493 wp-block-columns-is-layout-flex\">\n<div class=\"wp-block-column is-layout-flow wp-block-column-is-layout-flow\" style=\"flex-basis:66.66%\">\n<div style=\"height:20px\" aria-hidden=\"true\" class=\"wp-block-spacer\"><\/div>\n\n\n\n<p>Desde 1998, <strong>\u00c9cole de la paix<\/strong>\u00a0se dedica a promover una cultura de\u00a0<strong>paz<\/strong>\u00a0y de\u00a0<strong>vivir juntos<\/strong>.<\/p>\n\n\n\n<p>Se cre\u00f3 en 1998, a iniciativa de\u00a0<strong>Richard petris<\/strong>, en forma de asociaci\u00f3n jur\u00eddica 1901, por ciudadanos comprometidos rodeados <a href=\"https:\/\/www.ecoledelapaix.org\/spip.php?article49\">prestigiosas instituciones y patrocinadores<\/a>.<\/p>\n\n\n\n<p>Elle r\u00e9unit aujoRe\u00fane hoy 200 miembros, muchos voluntarios y<a href=\"https:\/\/www.ecoledelapaix.org\/spip.php?article5\">permanente<\/a>. Hijo <a href=\"https:\/\/www.ecoledelapaix.org\/IMG\/pdf\/2019-ca_et_bureau.pdf\">Consejo de Administraci\u00f3n<\/a>&nbsp;consta de 20 miembros de los cuales 9 hacer la oficina. Podemos mencionar que la ciudad de&nbsp;<strong>Grenoble<\/strong>&nbsp;es miembro de la Junta Directiva de la Escuela de la Paz.<\/p>\n\n\n\n<p>EllHa obtenido hace mucho tiempo la aprobaci\u00f3n departamental de educaci\u00f3n popular de la Direcci\u00f3n Departamental y Cohesi\u00f3n Social de Is\u00e8re y la aprobaci\u00f3n del consejo acad\u00e9mico de asociaciones educativas complementarias a la educaci\u00f3n p\u00fablica.<\/p>\n\n\n\n<blockquote class=\"wp-block-quote is-layout-flow wp-block-quote-is-layout-flow\"><p>Cada a\u00f1o, un promedio de un mill\u00f3n de personas muere en la guerra, mientras que millones m\u00e1s son desplazados. Los conflictos son la principal causa del hambre en el mundo.&nbsp;<strong>La escuela de la paz<\/strong>&nbsp;\u2013 sin afiliaci\u00f3n pol\u00edtica o religiosa \u2013 trae su esp\u00edritu de apertura y respeto por los dem\u00e1s todos los d\u00edas. Depende de cada uno de nosotros seguir y contribuir a este ejemplo.<\/p><cite>Bernard Clavel<\/cite><\/blockquote>\n\n\n\n<p><a rel=\"noreferrer noopener\" href=\"http:\/\/www.ecoledelapaix.org\/IMG\/pdf\/historique.pdf\" target=\"_blank\">La historia de sus acciones<\/a>&nbsp;es rica y permite identificar l\u00edneas de fuerza en torno al deseo constante de la escuela de vincular estrechamente la pedagog\u00eda de la convivencia, investigar y apertura al mundo.<\/p>\n\n\n\n<p>Te invitamos a leer el <a href=\"https:\/\/www.ecoledelapaix.org\/IMG\/pdf\/rapport_activite_2016_presente_AG.pdf\">informe de actividades 2016<\/a>.<br>Tambi\u00e9n consulte,&nbsp;el <a href=\"https:\/\/www.ecoledelapaix.org\/IMG\/pdf\/Rapportdactivites2015Version08decembre2016.pdf\">informe de actividades 2015<\/a>,&nbsp;<a rel=\"noreferrer noopener\" href=\"http:\/\/www.ecoledelapaix.org\/IMG\/pdf\/Rapport_d_activite_2014.pdf\" target=\"_blank\">informe de actividades 2014<\/a>,&nbsp;<a rel=\"noreferrer noopener\" href=\"http:\/\/www.ecoledelapaix.org\/IMG\/pdf\/rapport_d_activite.pdf\" target=\"_blank\">el informe de actividad 2013<\/a>&nbsp;al igual que el <a rel=\"noreferrer noopener\" href=\"http:\/\/fr.calameo.com\/read\/002427674aebb9feaee81\" target=\"_blank\">informe de actividades 2012<\/a>&nbsp;y <a rel=\"noreferrer noopener\" href=\"http:\/\/www.ecoledelapaix.org\/IMG\/pdf\/Rapport_moral_du_president.pdf\" target=\"_blank\">el informe moral 2012<\/a>. Tambi\u00e9n puede consultar su <a rel=\"noreferrer noopener\" href=\"http:\/\/www.ecoledelapaix.org\/IMG\/pdf\/Ecole_de_la_paix_-_statuts_2012.pdf\" target=\"_blank\">estatutos<\/a>&nbsp;al igual que el <a rel=\"noreferrer noopener\" href=\"http:\/\/ecoledelapaix.org\/IMG\/pdf\/Plaquette_EDP_A4-Final.pdf\" target=\"_blank\">Folleto<\/a>.<\/p>\n\n\n\n<div style=\"height:20px\" aria-hidden=\"true\" class=\"wp-block-spacer\"><\/div>\n<\/div>\n\n\n\n<div class=\"wp-block-column is-layout-flow wp-block-column-is-layout-flow\" style=\"flex-basis:33.33%\">\n<div style=\"height:20px\" aria-hidden=\"true\" class=\"wp-block-spacer\"><\/div>\n\n\n\n<h4 class=\"has-text-align-center wp-block-heading\">Nuestros patrocinadores<\/h4>\n\n\n\n<div style=\"height:20px\" aria-hidden=\"true\" class=\"wp-block-spacer\"><\/div>\n\n\n\n<div class=\"wp-block-image\"><figure class=\"aligncenter size-full\"><a href=\"https:\/\/www.grenoble.fr\"><img decoding=\"async\" data-src=\"http:\/\/localhost\/Reseau_France_Colombie_Solidarites\/wordpress\/wp-content\/uploads\/2021\/10\/logosw2-1.jpg\" alt=\"\" class=\"wp-image-497 lazyload\" src=\"data:image\/svg+xml;base64,PHN2ZyB3aWR0aD0iMSIgaGVpZ2h0PSIxIiB4bWxucz0iaHR0cDovL3d3dy53My5vcmcvMjAwMC9zdmciPjwvc3ZnPg==\" \/><\/a><\/figure><\/div>\n\n\n\n<div class=\"wp-block-image\"><figure class=\"aligncenter size-full\"><a href=\"http:\/\/www.fph.ch\/index_fr.html\"><img decoding=\"async\" data-src=\"http:\/\/localhost\/Reseau_France_Colombie_Solidarites\/wordpress\/wp-content\/uploads\/2021\/10\/logosw-1.jpg\" alt=\"\" class=\"wp-image-496 lazyload\" src=\"data:image\/svg+xml;base64,PHN2ZyB3aWR0aD0iMSIgaGVpZ2h0PSIxIiB4bWxucz0iaHR0cDovL3d3dy53My5vcmcvMjAwMC9zdmciPjwvc3ZnPg==\" \/><\/a><\/figure><\/div>\n\n\n\n<div class=\"wp-block-image\"><figure class=\"aligncenter size-full\"><a href=\"https:\/\/www.auvergnerhonealpes.fr\/\"><img decoding=\"async\" data-src=\"http:\/\/localhost\/Reseau_France_Colombie_Solidarites\/wordpress\/wp-content\/uploads\/2021\/10\/logosw3-1.jpg\" alt=\"\" class=\"wp-image-498 lazyload\" src=\"data:image\/svg+xml;base64,PHN2ZyB3aWR0aD0iMSIgaGVpZ2h0PSIxIiB4bWxucz0iaHR0cDovL3d3dy53My5vcmcvMjAwMC9zdmciPjwvc3ZnPg==\" \/><\/a><\/figure><\/div>\n\n\n\n<div class=\"wp-block-image\"><figure class=\"aligncenter size-full\"><a href=\"https:\/\/www.isere.fr\/\"><img decoding=\"async\" data-src=\"http:\/\/localhost\/Reseau_France_Colombie_Solidarites\/wordpress\/wp-content\/uploads\/2021\/10\/logosw4.jpg\" alt=\"\" class=\"wp-image-491 lazyload\" src=\"data:image\/svg+xml;base64,PHN2ZyB3aWR0aD0iMSIgaGVpZ2h0PSIxIiB4bWxucz0iaHR0cDovL3d3dy53My5vcmcvMjAwMC9zdmciPjwvc3ZnPg==\" \/><\/a><\/figure><\/div>\n\n\n\n<div class=\"wp-block-image\"><figure class=\"aligncenter size-full\"><img decoding=\"async\" data-src=\"http:\/\/localhost\/Reseau_France_Colombie_Solidarites\/wordpress\/wp-content\/uploads\/2021\/10\/logosw5.jpg\" alt=\"\" class=\"wp-image-492 lazyload\" src=\"data:image\/svg+xml;base64,PHN2ZyB3aWR0aD0iMSIgaGVpZ2h0PSIxIiB4bWxucz0iaHR0cDovL3d3dy53My5vcmcvMjAwMC9zdmciPjwvc3ZnPg==\" \/><\/figure><\/div>\n\n\n\n<div class=\"wp-block-image\"><figure class=\"aligncenter size-full\"><a href=\"http:\/\/www.irenees.net\/index_fr.html\"><img decoding=\"async\" data-src=\"http:\/\/localhost\/Reseau_France_Colombie_Solidarites\/wordpress\/wp-content\/uploads\/2021\/10\/logosw6.jpg\" alt=\"\" class=\"wp-image-493 lazyload\" src=\"data:image\/svg+xml;base64,PHN2ZyB3aWR0aD0iMSIgaGVpZ2h0PSIxIiB4bWxucz0iaHR0cDovL3d3dy53My5vcmcvMjAwMC9zdmciPjwvc3ZnPg==\" \/><\/a><\/figure><\/div>\n\n\n\n<div class=\"wp-block-buttons is-content-justification-center is-layout-flex wp-block-buttons-is-layout-flex\">\n<div class=\"wp-block-button has-custom-font-size is-style-fill has-small-font-size\"><a class=\"wp-block-button__link has-white-color has-vivid-cyan-blue-background-color has-text-color has-background\" href=\"https:\/\/www.ecoledelapaix.org\/wordpress\/partenaires\/\">Ver todos los patrocinadores<\/a><\/div>\n<\/div>\n<\/div>\n<\/div>\n<\/div>\n\n\n\n<div style=\"height:20px\" aria-hidden=\"true\" class=\"wp-block-spacer\"><\/div>\n\n\n\n<p class=\"has-text-align-center has-large-font-size\">Nuestros voluntarios<\/p>\n\n\n<div class=\"oxi-addons-container   oxi-addons-flipbox-template-style5\">        <div class=\"oxilab-flip-box-wrapper\">\n                                <div class=\"oxilab-flip-box-col-4 oxilab-flip-box-padding-1\"\n                        sa-data-animation=\"\"\n                        sa-data-animation-offset=\"100%\"\r\n                        sa-data-animation-delay=\"0ms\"\r\n                        sa-data-animation-duration=\" 2000ms\"\n                        >\r\n                        <div class=\" oxilab-flip-box-body-1 oxilab-flip-box-body-1-14\">\n                                                        <div class=\"oxilab-flip-box-body-absulote\">\n                                <div class=\"oxilab-flip-box-flip oxilab-flip-box-flip-left-to-right\">\n                                    <div class=\"oxilab-flip-box-style-data easing_easeInOutCirc\">\n                                        <div class=\"oxilab-flip-box-style\">\n                                            <div class=\"oxilab-flip-box-front\">\n                                                <div class=\"oxilab-flip-box-1\">\n                                                    <div class=\"oxilab-flip-box-1-data\">\n\n                                                    <\/div>\n                                                <\/div>\n                                            <\/div>\n                                            <div class=\"oxilab-flip-box-back\">\n                                                <div class=\"oxilab-flip-box-back-1\">\n                                                    <div class=\"oxilab-flip-box-back-1-data\">\n                                                        <div class=\"oxilab-heading\">\n                                                            Richard P\u00e9tris                                                        <\/div>\n                                                        <div class=\"oxilab-info\">\n                                                            <i>Pr\u00e9sident et fondateur de l\\'association<\/i><br>\r\n_                                                        <\/div>\n                                                                                                            <\/div>\n                                                <\/div>\n                                            <\/div>\n                                        <\/div>\n                                    <\/div>\n                                <\/div>\n                            <\/div>\n                                                    <\/div>\n\n\n                        \n                    <\/div>\n                                        <div class=\"oxilab-flip-box-col-4 oxilab-flip-box-padding-1\"\n                        sa-data-animation=\"\"\n                        sa-data-animation-offset=\"100%\"\r\n                        sa-data-animation-delay=\"0ms\"\r\n                        sa-data-animation-duration=\" 2000ms\"\n                        >\r\n                        <div class=\" oxilab-flip-box-body-1 oxilab-flip-box-body-1-15\">\n                                                        <div class=\"oxilab-flip-box-body-absulote\">\n                                <div class=\"oxilab-flip-box-flip oxilab-flip-box-flip-left-to-right\">\n                                    <div class=\"oxilab-flip-box-style-data easing_easeInOutCirc\">\n                                        <div class=\"oxilab-flip-box-style\">\n                                            <div class=\"oxilab-flip-box-front\">\n                                                <div class=\"oxilab-flip-box-1\">\n                                                    <div class=\"oxilab-flip-box-1-data\">\n\n                                                    <\/div>\n                                                <\/div>\n                                            <\/div>\n                                            <div class=\"oxilab-flip-box-back\">\n                                                <div class=\"oxilab-flip-box-back-1\">\n                                                    <div class=\"oxilab-flip-box-back-1-data\">\n                                                        <div class=\"oxilab-heading\">\n                                                            Yali                                                        <\/div>\n                                                        <div class=\"oxilab-info\">\n                                                            <i>Coordinateur du R\u00e9seau France Colombie Solidarit\u00e9s (RFCS) et responsable des activit\u00e9s en France dans le cadre du programme Ensemble pour la paix.<\/i> <br>\r\n\u2013<br>\r\n<br>\r\nResponsable de personnel au sein du Conseil d\u2019administration de l\u2019Organisation Internationale Droits Humains Actions Colombie, en repr\u00e9sentation du RFCS.                                                        <\/div>\n                                                                                                            <\/div>\n                                                <\/div>\n                                            <\/div>\n                                        <\/div>\n                                    <\/div>\n                                <\/div>\n                            <\/div>\n                                                    <\/div>\n\n\n                        \n                    <\/div>\n                                        <div class=\"oxilab-flip-box-col-4 oxilab-flip-box-padding-1\"\n                        sa-data-animation=\"\"\n                        sa-data-animation-offset=\"100%\"\r\n                        sa-data-animation-delay=\"0ms\"\r\n                        sa-data-animation-duration=\" 2000ms\"\n                        >\r\n                        <div class=\" oxilab-flip-box-body-1 oxilab-flip-box-body-1-16\">\n                                                        <div class=\"oxilab-flip-box-body-absulote\">\n                                <div class=\"oxilab-flip-box-flip oxilab-flip-box-flip-left-to-right\">\n                                    <div class=\"oxilab-flip-box-style-data easing_easeInOutCirc\">\n                                        <div class=\"oxilab-flip-box-style\">\n                                            <div class=\"oxilab-flip-box-front\">\n                                                <div class=\"oxilab-flip-box-1\">\n                                                    <div class=\"oxilab-flip-box-1-data\">\n\n                                                    <\/div>\n                                                <\/div>\n                                            <\/div>\n                                            <div class=\"oxilab-flip-box-back\">\n                                                <div class=\"oxilab-flip-box-back-1\">\n                                                    <div class=\"oxilab-flip-box-back-1-data\">\n                                                        <div class=\"oxilab-heading\">\n                                                            Nym Colpart                                                        <\/div>\n                                                        <div class=\"oxilab-info\">\n                                                            <i>B\u00e9n\u00e9vole communication<\/i><br>\r\n_<br>\r\n<br>\r\nEn charge de la communication multim\u00e9dia de l\u2019EDP (site web, Newsletter\u2026) et aide ponctuelle sur d\u2019autres projets de l\u2019Ecole de la paix et du RFCS.                                                        <\/div>\n                                                                                                            <\/div>\n                                                <\/div>\n                                            <\/div>\n                                        <\/div>\n                                    <\/div>\n                                <\/div>\n                            <\/div>\n                                                    <\/div>\n\n\n                        \n                    <\/div>\n                                        <div class=\"oxilab-flip-box-col-4 oxilab-flip-box-padding-1\"\n                        sa-data-animation=\"\"\n                        sa-data-animation-offset=\"100%\"\r\n                        sa-data-animation-delay=\"0ms\"\r\n                        sa-data-animation-duration=\" 2000ms\"\n                        >\r\n                        <div class=\" oxilab-flip-box-body-1 oxilab-flip-box-body-1-17\">\n                                                        <div class=\"oxilab-flip-box-body-absulote\">\n                                <div class=\"oxilab-flip-box-flip oxilab-flip-box-flip-left-to-right\">\n                                    <div class=\"oxilab-flip-box-style-data easing_easeInOutCirc\">\n                                        <div class=\"oxilab-flip-box-style\">\n                                            <div class=\"oxilab-flip-box-front\">\n                                                <div class=\"oxilab-flip-box-1\">\n                                                    <div class=\"oxilab-flip-box-1-data\">\n\n                                                    <\/div>\n                                                <\/div>\n                                            <\/div>\n                                            <div class=\"oxilab-flip-box-back\">\n                                                <div class=\"oxilab-flip-box-back-1\">\n                                                    <div class=\"oxilab-flip-box-back-1-data\">\n                                                        <div class=\"oxilab-heading\">\n                                                            Chlo\u00e9 Ndiaye                                                        <\/div>\n                                                        <div class=\"oxilab-info\">\n                                                            <i>Stagiaire<\/i> <br>\r\n_<br>\r\n<br>\r\nCo-charg\u00e9e de mission du projet Sant\u00e9-Femmes \u00e0 Grenoble et au S\u00e9n\u00e9gal autour de la pr\u00e9carit\u00e9 menstruelle. \r\nResponsable d\u2019un projet d\u2019\u00e9change scolaire entre Grenoble et Mayotte, qui s\u2019inscrit dans une r\u00e9flexion plus large cherchant \u00e0 associer l\u2019art et la paix.                                                        <\/div>\n                                                                                                            <\/div>\n                                                <\/div>\n                                            <\/div>\n                                        <\/div>\n                                    <\/div>\n                                <\/div>\n                            <\/div>\n                                                    <\/div>\n\n\n                        \n                    <\/div>\n                                        <div class=\"oxilab-flip-box-col-4 oxilab-flip-box-padding-1\"\n                        sa-data-animation=\"\"\n                        sa-data-animation-offset=\"100%\"\r\n                        sa-data-animation-delay=\"0ms\"\r\n                        sa-data-animation-duration=\" 2000ms\"\n                        >\r\n                        <div class=\" oxilab-flip-box-body-1 oxilab-flip-box-body-1-18\">\n                                                        <div class=\"oxilab-flip-box-body-absulote\">\n                                <div class=\"oxilab-flip-box-flip oxilab-flip-box-flip-left-to-right\">\n                                    <div class=\"oxilab-flip-box-style-data easing_easeInOutCirc\">\n                                        <div class=\"oxilab-flip-box-style\">\n                                            <div class=\"oxilab-flip-box-front\">\n                                                <div class=\"oxilab-flip-box-1\">\n                                                    <div class=\"oxilab-flip-box-1-data\">\n\n                                                    <\/div>\n                                                <\/div>\n                                            <\/div>\n                                            <div class=\"oxilab-flip-box-back\">\n                                                <div class=\"oxilab-flip-box-back-1\">\n                                                    <div class=\"oxilab-flip-box-back-1-data\">\n                                                        <div class=\"oxilab-heading\">\n                                                            Jessica                                                        <\/div>\n                                                        <div class=\"oxilab-info\">\n                                                            <i>Charg\u00e9e de missions<\/i> <br>\r\n_<br>\r\n<br>\r\nCharg\u00e9e de projet \u201cDes Alpes aux Andes entre les villes de Crolles (France) et Zapatoca (Colombie). &amp;#32\r\nCo-r\u00e9f\u00e9rente pour le projet Kosmopolites du P\u00f4le de Solidarit\u00e9 Internationale.                                                        <\/div>\n                                                                                                            <\/div>\n                                                <\/div>\n                                            <\/div>\n                                        <\/div>\n                                    <\/div>\n                                <\/div>\n                            <\/div>\n                                                    <\/div>\n\n\n                        \n                    <\/div>\n                    \n\n        <\/div>\n        <\/div>\n\n\n\n<div style=\"height:20px\" aria-hidden=\"true\" class=\"wp-block-spacer\"><\/div>\n\n\n\n<div class=\"wp-block-columns is-layout-flex wp-container-core-columns-is-layout-28f84493 wp-block-columns-is-layout-flex\">\n<div class=\"wp-block-column is-layout-flow wp-block-column-is-layout-flow\" style=\"flex-basis:25%\"><\/div>\n\n\n\n<div class=\"wp-block-column is-layout-flow wp-block-column-is-layout-flow\" style=\"flex-basis:50%\">\n<div class=\"wp-block-buttons is-layout-flex wp-block-buttons-is-layout-flex\">\n<div class=\"wp-block-button has-custom-width wp-block-button__width-100 has-custom-font-size has-medium-font-size\"><a class=\"wp-block-button__link has-luminous-vivid-orange-background-color has-background\" href=\"https:\/\/www.helloasso.com\/associations\/ecole-de-la-paix\/formulaires\/1\" target=\"_blank\" rel=\"noreferrer noopener\">Apoyanos<\/a><\/div>\n<\/div>\n<\/div>\n\n\n\n<div class=\"wp-block-column is-layout-flow wp-block-column-is-layout-flow\" style=\"flex-basis:25%\"><\/div>\n<\/div>\n\n\n\n<div class=\"wp-block-group is-layout-flow wp-block-group-is-layout-flow\"><\/div>\n\n\n\n<div style=\"height:20px\" aria-hidden=\"true\" class=\"wp-block-spacer\"><\/div>\n\n\n\n<p><\/p>\n","protected":false},"excerpt":{"rendered":"<p>Desde 1998, \u00c9cole de la paix\u00a0se dedica a promover una cultura de\u00a0paz\u00a0y de\u00a0vivir juntos. Se cre\u00f3 en 1998, a iniciativa<\/p>\n","protected":false},"author":2,"featured_media":0,"parent":0,"menu_order":0,"comment_status":"closed","ping_status":"closed","template":"","meta":{"footnotes":""},"class_list":["post-152","page","type-page","status-publish","hentry"],"yoast_head":"<!-- This site is optimized with the Yoast SEO plugin v26.3 - https:\/\/yoast.com\/wordpress\/plugins\/seo\/ -->\n<title>\u00bf Qui\u00e9nes somos ? - Ensemble,<\/title>\n<meta name=\"description\" content=\"Desde 1998, \u00c9cole de la paix se dedica a promover una cultura de paz y de vivir juntos. Se cre\u00f3 en 1998, a iniciativa de Richard petris ...\" \/>\n<meta name=\"robots\" content=\"index, follow, max-snippet:-1, max-image-preview:large, max-video-preview:-1\" \/>\n<link rel=\"canonical\" href=\"https:\/\/www.ecoledelapaix.org\/wordpress\/es\/quienes-somos\/\" \/>\n<meta property=\"og:locale\" content=\"fr_FR\" \/>\n<meta property=\"og:type\" content=\"article\" \/>\n<meta property=\"og:title\" content=\"\u00bf Qui\u00e9nes somos ? - Ensemble,\" \/>\n<meta property=\"og:description\" content=\"Desde 1998, \u00c9cole de la paix se dedica a promover una cultura de paz y de vivir juntos. Se cre\u00f3 en 1998, a iniciativa de Richard petris ...\" \/>\n<meta property=\"og:url\" content=\"https:\/\/www.ecoledelapaix.org\/wordpress\/es\/quienes-somos\/\" \/>\n<meta property=\"og:site_name\" content=\"Ensemble,\" \/>\n<meta property=\"article:modified_time\" content=\"2022-01-08T08:19:09+00:00\" \/>\n<meta property=\"og:image\" content=\"http:\/\/www.ecoledelapaix.org\/wordpress\/wp-content\/uploads\/2022\/01\/colombes-.jpg\" \/>\n<meta name=\"twitter:card\" content=\"summary_large_image\" \/>\n<meta name=\"twitter:label1\" content=\"Dur\u00e9e de lecture estim\u00e9e\" \/>\n\t<meta name=\"twitter:data1\" content=\"3 minutes\" \/>\n<script type=\"application\/ld+json\" class=\"yoast-schema-graph\">{\"@context\":\"https:\/\/schema.org\",\"@graph\":[{\"@type\":\"WebPage\",\"@id\":\"https:\/\/www.ecoledelapaix.org\/wordpress\/es\/quienes-somos\/\",\"url\":\"https:\/\/www.ecoledelapaix.org\/wordpress\/es\/quienes-somos\/\",\"name\":\"\u00bf Qui\u00e9nes somos ? - Ensemble,\",\"isPartOf\":{\"@id\":\"https:\/\/www.ecoledelapaix.org\/wordpress\/#website\"},\"primaryImageOfPage\":{\"@id\":\"https:\/\/www.ecoledelapaix.org\/wordpress\/es\/quienes-somos\/#primaryimage\"},\"image\":{\"@id\":\"https:\/\/www.ecoledelapaix.org\/wordpress\/es\/quienes-somos\/#primaryimage\"},\"thumbnailUrl\":\"http:\/\/www.ecoledelapaix.org\/wordpress\/wp-content\/uploads\/2022\/01\/colombes-.jpg\",\"datePublished\":\"2022-01-07T13:21:49+00:00\",\"dateModified\":\"2022-01-08T08:19:09+00:00\",\"description\":\"Desde 1998, \u00c9cole de la paix se dedica a promover una cultura de paz y de vivir juntos. Se cre\u00f3 en 1998, a iniciativa de Richard petris ...\",\"breadcrumb\":{\"@id\":\"https:\/\/www.ecoledelapaix.org\/wordpress\/es\/quienes-somos\/#breadcrumb\"},\"inLanguage\":\"fr-FR\",\"potentialAction\":[{\"@type\":\"ReadAction\",\"target\":[\"https:\/\/www.ecoledelapaix.org\/wordpress\/es\/quienes-somos\/\"]}]},{\"@type\":\"ImageObject\",\"inLanguage\":\"fr-FR\",\"@id\":\"https:\/\/www.ecoledelapaix.org\/wordpress\/es\/quienes-somos\/#primaryimage\",\"url\":\"https:\/\/www.ecoledelapaix.org\/wordpress\/wp-content\/uploads\/2022\/01\/colombes-.jpg\",\"contentUrl\":\"https:\/\/www.ecoledelapaix.org\/wordpress\/wp-content\/uploads\/2022\/01\/colombes-.jpg\",\"width\":1280,\"height\":720},{\"@type\":\"BreadcrumbList\",\"@id\":\"https:\/\/www.ecoledelapaix.org\/wordpress\/es\/quienes-somos\/#breadcrumb\",\"itemListElement\":[{\"@type\":\"ListItem\",\"position\":1,\"name\":\"Accueil\",\"item\":\"http:\/\/www.ecoledelapaix.org\/wordpress\/\"},{\"@type\":\"ListItem\",\"position\":2,\"name\":\"\u00bf Qui\u00e9nes somos ?\"}]},{\"@type\":\"WebSite\",\"@id\":\"https:\/\/www.ecoledelapaix.org\/wordpress\/#website\",\"url\":\"https:\/\/www.ecoledelapaix.org\/wordpress\/\",\"name\":\"Ensemble,\",\"description\":\"agissons pour la paix par l&#039;\u00e9ducation\",\"publisher\":{\"@id\":\"https:\/\/www.ecoledelapaix.org\/wordpress\/#organization\"},\"potentialAction\":[{\"@type\":\"SearchAction\",\"target\":{\"@type\":\"EntryPoint\",\"urlTemplate\":\"https:\/\/www.ecoledelapaix.org\/wordpress\/?s={search_term_string}\"},\"query-input\":{\"@type\":\"PropertyValueSpecification\",\"valueRequired\":true,\"valueName\":\"search_term_string\"}}],\"inLanguage\":\"fr-FR\"},{\"@type\":\"Organization\",\"@id\":\"https:\/\/www.ecoledelapaix.org\/wordpress\/#organization\",\"name\":\"\u00c9cole de la paix\",\"url\":\"https:\/\/www.ecoledelapaix.org\/wordpress\/\",\"logo\":{\"@type\":\"ImageObject\",\"inLanguage\":\"fr-FR\",\"@id\":\"https:\/\/www.ecoledelapaix.org\/wordpress\/#\/schema\/logo\/image\/\",\"url\":\"https:\/\/www.ecoledelapaix.org\/wordpress\/wp-content\/uploads\/2022\/01\/cropped-LOGO.png\",\"contentUrl\":\"https:\/\/www.ecoledelapaix.org\/wordpress\/wp-content\/uploads\/2022\/01\/cropped-LOGO.png\",\"width\":200,\"height\":85,\"caption\":\"\u00c9cole de la paix\"},\"image\":{\"@id\":\"https:\/\/www.ecoledelapaix.org\/wordpress\/#\/schema\/logo\/image\/\"}}]}<\/script>\n<!-- \/ Yoast SEO plugin. -->","yoast_head_json":{"title":"\u00bf Qui\u00e9nes somos ? - Ensemble,","description":"Desde 1998, \u00c9cole de la paix se dedica a promover una cultura de paz y de vivir juntos. Se cre\u00f3 en 1998, a iniciativa de Richard petris ...","robots":{"index":"index","follow":"follow","max-snippet":"max-snippet:-1","max-image-preview":"max-image-preview:large","max-video-preview":"max-video-preview:-1"},"canonical":"https:\/\/www.ecoledelapaix.org\/wordpress\/es\/quienes-somos\/","og_locale":"fr_FR","og_type":"article","og_title":"\u00bf Qui\u00e9nes somos ? - Ensemble,","og_description":"Desde 1998, \u00c9cole de la paix se dedica a promover una cultura de paz y de vivir juntos. Se cre\u00f3 en 1998, a iniciativa de Richard petris ...","og_url":"https:\/\/www.ecoledelapaix.org\/wordpress\/es\/quienes-somos\/","og_site_name":"Ensemble,","article_modified_time":"2022-01-08T08:19:09+00:00","og_image":[{"url":"http:\/\/www.ecoledelapaix.org\/wordpress\/wp-content\/uploads\/2022\/01\/colombes-.jpg","type":"","width":"","height":""}],"twitter_card":"summary_large_image","twitter_misc":{"Dur\u00e9e de lecture estim\u00e9e":"3 minutes"},"schema":{"@context":"https:\/\/schema.org","@graph":[{"@type":"WebPage","@id":"https:\/\/www.ecoledelapaix.org\/wordpress\/es\/quienes-somos\/","url":"https:\/\/www.ecoledelapaix.org\/wordpress\/es\/quienes-somos\/","name":"\u00bf Qui\u00e9nes somos ? - Ensemble,","isPartOf":{"@id":"https:\/\/www.ecoledelapaix.org\/wordpress\/#website"},"primaryImageOfPage":{"@id":"https:\/\/www.ecoledelapaix.org\/wordpress\/es\/quienes-somos\/#primaryimage"},"image":{"@id":"https:\/\/www.ecoledelapaix.org\/wordpress\/es\/quienes-somos\/#primaryimage"},"thumbnailUrl":"http:\/\/www.ecoledelapaix.org\/wordpress\/wp-content\/uploads\/2022\/01\/colombes-.jpg","datePublished":"2022-01-07T13:21:49+00:00","dateModified":"2022-01-08T08:19:09+00:00","description":"Desde 1998, \u00c9cole de la paix se dedica a promover una cultura de paz y de vivir juntos. Se cre\u00f3 en 1998, a iniciativa de Richard petris ...","breadcrumb":{"@id":"https:\/\/www.ecoledelapaix.org\/wordpress\/es\/quienes-somos\/#breadcrumb"},"inLanguage":"fr-FR","potentialAction":[{"@type":"ReadAction","target":["https:\/\/www.ecoledelapaix.org\/wordpress\/es\/quienes-somos\/"]}]},{"@type":"ImageObject","inLanguage":"fr-FR","@id":"https:\/\/www.ecoledelapaix.org\/wordpress\/es\/quienes-somos\/#primaryimage","url":"https:\/\/www.ecoledelapaix.org\/wordpress\/wp-content\/uploads\/2022\/01\/colombes-.jpg","contentUrl":"https:\/\/www.ecoledelapaix.org\/wordpress\/wp-content\/uploads\/2022\/01\/colombes-.jpg","width":1280,"height":720},{"@type":"BreadcrumbList","@id":"https:\/\/www.ecoledelapaix.org\/wordpress\/es\/quienes-somos\/#breadcrumb","itemListElement":[{"@type":"ListItem","position":1,"name":"Accueil","item":"http:\/\/www.ecoledelapaix.org\/wordpress\/"},{"@type":"ListItem","position":2,"name":"\u00bf Qui\u00e9nes somos ?"}]},{"@type":"WebSite","@id":"https:\/\/www.ecoledelapaix.org\/wordpress\/#website","url":"https:\/\/www.ecoledelapaix.org\/wordpress\/","name":"Ensemble,","description":"agissons pour la paix par l&#039;\u00e9ducation","publisher":{"@id":"https:\/\/www.ecoledelapaix.org\/wordpress\/#organization"},"potentialAction":[{"@type":"SearchAction","target":{"@type":"EntryPoint","urlTemplate":"https:\/\/www.ecoledelapaix.org\/wordpress\/?s={search_term_string}"},"query-input":{"@type":"PropertyValueSpecification","valueRequired":true,"valueName":"search_term_string"}}],"inLanguage":"fr-FR"},{"@type":"Organization","@id":"https:\/\/www.ecoledelapaix.org\/wordpress\/#organization","name":"\u00c9cole de la paix","url":"https:\/\/www.ecoledelapaix.org\/wordpress\/","logo":{"@type":"ImageObject","inLanguage":"fr-FR","@id":"https:\/\/www.ecoledelapaix.org\/wordpress\/#\/schema\/logo\/image\/","url":"https:\/\/www.ecoledelapaix.org\/wordpress\/wp-content\/uploads\/2022\/01\/cropped-LOGO.png","contentUrl":"https:\/\/www.ecoledelapaix.org\/wordpress\/wp-content\/uploads\/2022\/01\/cropped-LOGO.png","width":200,"height":85,"caption":"\u00c9cole de la paix"},"image":{"@id":"https:\/\/www.ecoledelapaix.org\/wordpress\/#\/schema\/logo\/image\/"}}]}},"_links":{"self":[{"href":"https:\/\/www.ecoledelapaix.org\/wordpress\/wp-json\/wp\/v2\/pages\/152","targetHints":{"allow":["GET"]}}],"collection":[{"href":"https:\/\/www.ecoledelapaix.org\/wordpress\/wp-json\/wp\/v2\/pages"}],"about":[{"href":"https:\/\/www.ecoledelapaix.org\/wordpress\/wp-json\/wp\/v2\/types\/page"}],"author":[{"embeddable":true,"href":"https:\/\/www.ecoledelapaix.org\/wordpress\/wp-json\/wp\/v2\/users\/2"}],"replies":[{"embeddable":true,"href":"https:\/\/www.ecoledelapaix.org\/wordpress\/wp-json\/wp\/v2\/comments?post=152"}],"version-history":[{"count":6,"href":"https:\/\/www.ecoledelapaix.org\/wordpress\/wp-json\/wp\/v2\/pages\/152\/revisions"}],"predecessor-version":[{"id":165,"href":"https:\/\/www.ecoledelapaix.org\/wordpress\/wp-json\/wp\/v2\/pages\/152\/revisions\/165"}],"wp:attachment":[{"href":"https:\/\/www.ecoledelapaix.org\/wordpress\/wp-json\/wp\/v2\/media?parent=152"}],"curies":[{"name":"wp","href":"https:\/\/api.w.org\/{rel}","templated":true}]}}