{"id":938,"date":"2023-02-14T15:32:56","date_gmt":"2023-02-14T14:32:56","guid":{"rendered":"https:\/\/www.ecoledelapaix.org\/wordpress\/?page_id=938"},"modified":"2023-03-06T09:36:41","modified_gmt":"2023-03-06T08:36:41","slug":"actions-a-linternational","status":"publish","type":"page","link":"https:\/\/www.ecoledelapaix.org\/wordpress\/actions-a-linternational\/","title":{"rendered":"Actions \u00e0 l&rsquo;international"},"content":{"rendered":"\n<h2 class=\"wp-block-heading\"><strong><mark style=\"background-color:rgba(0, 0, 0, 0)\" class=\"has-inline-color has-luminous-vivid-orange-color\">&gt;<\/mark><\/strong> <strong><mark style=\"background-color:rgba(0, 0, 0, 0)\" class=\"has-inline-color has-luminous-vivid-orange-color\">Le P\u00f4le de Solidarit\u00e9 Internationale<\/mark><\/strong><\/h2>\n\n\n\n<p><\/p>\n\n\n\n<div class=\"wp-block-columns is-layout-flex wp-container-core-columns-is-layout-28f84493 wp-block-columns-is-layout-flex\">\n<div class=\"wp-block-column is-layout-flow wp-block-column-is-layout-flow\">\n<p>Le P\u00f4le de solidarit\u00e9 internationale, inaugur\u00e9 en 2019 au&nbsp;5 rue Garcia-Lorca, dans des locaux mis \u00e0 disposition par la Ville de Grenoble, abrite sept associations grenobloises, toutes d\u00e9di\u00e9es \u00e0 la solidarit\u00e9.<\/p>\n\n\n\n<p>La municipalit\u00e9, avec l\u2019appui de l\u2019Agence fran\u00e7aise de d\u00e9veloppement (AFD), a lanc\u00e9 ce projet afin de cr\u00e9er des synergies entre acteurs locaux de la solidarit\u00e9 internationale et permettre des convergences dans les projets.<\/p>\n\n\n\n<p>Ces associations ont en commun la volont\u00e9 de sensibiliser les m\u00e9tropolitains \u00e0 la solidarit\u00e9, nationale ou internationale, dans diff\u00e9rents domaines, comme l\u2019\u00e9ducation ou la sant\u00e9.<\/p>\n\n\n\n<p>Sont regroup\u00e9es, les associations <a href=\"https:\/\/tetraktys-association.org\/\">Tetraktys<\/a>, <a href=\"https:\/\/action-education-isere.org\/\">Action \u00c9ducation<\/a>, <a href=\"https:\/\/www.solidarites-grenoble.fr\/acteur\/330\/958-bouquins-sans-frontieres-librairie-solidaire.htm\">Bouquins sans fronti\u00e8res<\/a>, <a href=\"https:\/\/santediabete.org\/\">Sant\u00e9 Diab\u00e8te<\/a>, <a href=\"https:\/\/amd-france.info\/\">Aide m\u00e9dicale et d\u00e9veloppement<\/a> (AMD), <a href=\"https:\/\/www.helloasso.com\/associations\/reeducateurs-solidaires\">R\u00e9\u00e9ducateurs solidaires<\/a>, et l\u2019\u00c9cole de la paix.<\/p>\n\n\n\n<p><\/p>\n<\/div>\n\n\n\n<div class=\"wp-block-column is-layout-flow wp-block-column-is-layout-flow\">\n<figure class=\"wp-block-image aligncenter size-full is-resized\"><img decoding=\"async\" data-src=\"https:\/\/www.ecoledelapaix.org\/wordpress\/wp-content\/uploads\/2023\/03\/PSI.png\" alt=\"\" class=\"wp-image-1152 lazyload\" width=\"286\" height=\"205\" src=\"data:image\/svg+xml;base64,PHN2ZyB3aWR0aD0iMSIgaGVpZ2h0PSIxIiB4bWxucz0iaHR0cDovL3d3dy53My5vcmcvMjAwMC9zdmciPjwvc3ZnPg==\" style=\"--smush-placeholder-width: 286px; --smush-placeholder-aspect-ratio: 286\/205;\" \/><figcaption class=\"wp-element-caption\">Les repr\u00e9sentants des associations du PSI de Grenoble <\/figcaption><\/figure>\n<\/div>\n<\/div>\n\n\n\n<h2 class=\"wp-block-heading\"><strong><mark style=\"background-color:rgba(0, 0, 0, 0)\" class=\"has-inline-color has-luminous-vivid-orange-color\">> France &#8211; Colombie<\/mark><\/strong><\/h2>\n\n\n\n<figure class=\"wp-block-image aligncenter size-full\"><img decoding=\"async\" data-src=\"https:\/\/www.ecoledelapaix.org\/wordpress\/wp-content\/uploads\/2023\/03\/Colombie-Groupe-Classe-enfants-format-large.jpg\" alt=\"\" class=\"wp-image-1156 lazyload\" src=\"data:image\/svg+xml;base64,PHN2ZyB3aWR0aD0iMSIgaGVpZ2h0PSIxIiB4bWxucz0iaHR0cDovL3d3dy53My5vcmcvMjAwMC9zdmciPjwvc3ZnPg==\" style=\"--smush-placeholder-width: 1000px; --smush-placeholder-aspect-ratio: 1000\/370;\" \/><\/figure>\n\n\n\n<div class=\"wp-block-columns is-layout-flex wp-container-core-columns-is-layout-28f84493 wp-block-columns-is-layout-flex\">\n<div class=\"wp-block-column is-layout-flow wp-block-column-is-layout-flow\" style=\"flex-basis:66.66%\">\n<figure class=\"wp-block-image size-full\"><img decoding=\"async\" data-src=\"https:\/\/www.ecoledelapaix.org\/wordpress\/wp-content\/uploads\/2023\/03\/Colombie_Enfants_animation_ecran_salon1.jpg\" alt=\"\" class=\"wp-image-1157 lazyload\" src=\"data:image\/svg+xml;base64,PHN2ZyB3aWR0aD0iMSIgaGVpZ2h0PSIxIiB4bWxucz0iaHR0cDovL3d3dy53My5vcmcvMjAwMC9zdmciPjwvc3ZnPg==\" style=\"--smush-placeholder-width: 1024px; --smush-placeholder-aspect-ratio: 1024\/576;\" \/><figcaption class=\"wp-element-caption\">Mission \u00e0 ZAPATOCA en f\u00e9vrier 2023<\/figcaption><\/figure>\n<\/div>\n\n\n\n<div class=\"wp-block-column is-layout-flow wp-block-column-is-layout-flow\" style=\"flex-basis:33.33%\">\n<p>\u00ab\u00a0L&rsquo;\u00c9cole de la paix est engag\u00e9e dans le programme de coop\u00e9ration d\u00e9centralis\u00e9e entre les villes de Crolles et de Zapatoca depuis 2016. Ce projet vise \u00e0 donner la parole aux coll\u00e9giens de Crolles et de Zapatoca dans le cadre d\u2019ateliers p\u00e9dagogiques anim\u00e9s en collaboration entre les deux services civiques pr\u00e9sents dans les deux pays, les professeurs des deux coll\u00e8ges et la charg\u00e9e de mission de l&rsquo;\u00c9cole de la paix. Ce programme contribue \u00e0 la construction d\u2019une culture de paix et de savoir-vivre ensemble chez les jeunes en France et en Colombie.\u00a0\u00bb<\/p>\n<\/div>\n<\/div>\n","protected":false},"excerpt":{"rendered":"<p>&gt; Le P\u00f4le de Solidarit\u00e9 Internationale Le P\u00f4le de solidarit\u00e9 internationale, inaugur\u00e9 en 2019 au&nbsp;5 rue Garcia-Lorca, dans des locaux<\/p>\n","protected":false},"author":4,"featured_media":0,"parent":0,"menu_order":0,"comment_status":"closed","ping_status":"closed","template":"","meta":{"footnotes":""},"class_list":["post-938","page","type-page","status-publish","hentry"],"yoast_head":"<!-- This site is optimized with the Yoast SEO plugin v26.3 - https:\/\/yoast.com\/wordpress\/plugins\/seo\/ -->\n<title>Actions \u00e0 l&#039;international - Ensemble,<\/title>\n<meta name=\"robots\" content=\"index, follow, max-snippet:-1, max-image-preview:large, max-video-preview:-1\" \/>\n<link rel=\"canonical\" href=\"https:\/\/www.ecoledelapaix.org\/wordpress\/actions-a-linternational\/\" \/>\n<meta property=\"og:locale\" content=\"fr_FR\" \/>\n<meta property=\"og:type\" content=\"article\" \/>\n<meta property=\"og:title\" content=\"Actions \u00e0 l&#039;international - Ensemble,\" \/>\n<meta property=\"og:description\" content=\"&gt; Le P\u00f4le de Solidarit\u00e9 Internationale Le P\u00f4le de solidarit\u00e9 internationale, inaugur\u00e9 en 2019 au&nbsp;5 rue Garcia-Lorca, dans des locaux\" \/>\n<meta property=\"og:url\" content=\"https:\/\/www.ecoledelapaix.org\/wordpress\/actions-a-linternational\/\" \/>\n<meta property=\"og:site_name\" content=\"Ensemble,\" \/>\n<meta property=\"article:modified_time\" content=\"2023-03-06T08:36:41+00:00\" \/>\n<meta property=\"og:image\" content=\"https:\/\/www.ecoledelapaix.org\/wordpress\/wp-content\/uploads\/2023\/03\/PSI.png\" \/>\n<meta name=\"twitter:card\" content=\"summary_large_image\" \/>\n<meta name=\"twitter:label1\" content=\"Dur\u00e9e de lecture estim\u00e9e\" \/>\n\t<meta name=\"twitter:data1\" content=\"2 minutes\" \/>\n<script type=\"application\/ld+json\" class=\"yoast-schema-graph\">{\"@context\":\"https:\/\/schema.org\",\"@graph\":[{\"@type\":\"WebPage\",\"@id\":\"https:\/\/www.ecoledelapaix.org\/wordpress\/actions-a-linternational\/\",\"url\":\"https:\/\/www.ecoledelapaix.org\/wordpress\/actions-a-linternational\/\",\"name\":\"Actions \u00e0 l'international - Ensemble,\",\"isPartOf\":{\"@id\":\"https:\/\/www.ecoledelapaix.org\/wordpress\/#website\"},\"primaryImageOfPage\":{\"@id\":\"https:\/\/www.ecoledelapaix.org\/wordpress\/actions-a-linternational\/#primaryimage\"},\"image\":{\"@id\":\"https:\/\/www.ecoledelapaix.org\/wordpress\/actions-a-linternational\/#primaryimage\"},\"thumbnailUrl\":\"https:\/\/www.ecoledelapaix.org\/wordpress\/wp-content\/uploads\/2023\/03\/PSI.png\",\"datePublished\":\"2023-02-14T14:32:56+00:00\",\"dateModified\":\"2023-03-06T08:36:41+00:00\",\"breadcrumb\":{\"@id\":\"https:\/\/www.ecoledelapaix.org\/wordpress\/actions-a-linternational\/#breadcrumb\"},\"inLanguage\":\"fr-FR\",\"potentialAction\":[{\"@type\":\"ReadAction\",\"target\":[\"https:\/\/www.ecoledelapaix.org\/wordpress\/actions-a-linternational\/\"]}]},{\"@type\":\"ImageObject\",\"inLanguage\":\"fr-FR\",\"@id\":\"https:\/\/www.ecoledelapaix.org\/wordpress\/actions-a-linternational\/#primaryimage\",\"url\":\"https:\/\/www.ecoledelapaix.org\/wordpress\/wp-content\/uploads\/2023\/03\/PSI.png\",\"contentUrl\":\"https:\/\/www.ecoledelapaix.org\/wordpress\/wp-content\/uploads\/2023\/03\/PSI.png\",\"width\":240,\"height\":172},{\"@type\":\"BreadcrumbList\",\"@id\":\"https:\/\/www.ecoledelapaix.org\/wordpress\/actions-a-linternational\/#breadcrumb\",\"itemListElement\":[{\"@type\":\"ListItem\",\"position\":1,\"name\":\"Accueil\",\"item\":\"http:\/\/www.ecoledelapaix.org\/wordpress\/\"},{\"@type\":\"ListItem\",\"position\":2,\"name\":\"Actions \u00e0 l&rsquo;international\"}]},{\"@type\":\"WebSite\",\"@id\":\"https:\/\/www.ecoledelapaix.org\/wordpress\/#website\",\"url\":\"https:\/\/www.ecoledelapaix.org\/wordpress\/\",\"name\":\"Ensemble,\",\"description\":\"agissons pour la paix par l&#039;\u00e9ducation\",\"publisher\":{\"@id\":\"https:\/\/www.ecoledelapaix.org\/wordpress\/#organization\"},\"potentialAction\":[{\"@type\":\"SearchAction\",\"target\":{\"@type\":\"EntryPoint\",\"urlTemplate\":\"https:\/\/www.ecoledelapaix.org\/wordpress\/?s={search_term_string}\"},\"query-input\":{\"@type\":\"PropertyValueSpecification\",\"valueRequired\":true,\"valueName\":\"search_term_string\"}}],\"inLanguage\":\"fr-FR\"},{\"@type\":\"Organization\",\"@id\":\"https:\/\/www.ecoledelapaix.org\/wordpress\/#organization\",\"name\":\"\u00c9cole de la paix\",\"url\":\"https:\/\/www.ecoledelapaix.org\/wordpress\/\",\"logo\":{\"@type\":\"ImageObject\",\"inLanguage\":\"fr-FR\",\"@id\":\"https:\/\/www.ecoledelapaix.org\/wordpress\/#\/schema\/logo\/image\/\",\"url\":\"https:\/\/www.ecoledelapaix.org\/wordpress\/wp-content\/uploads\/2022\/01\/cropped-LOGO.png\",\"contentUrl\":\"https:\/\/www.ecoledelapaix.org\/wordpress\/wp-content\/uploads\/2022\/01\/cropped-LOGO.png\",\"width\":200,\"height\":85,\"caption\":\"\u00c9cole de la paix\"},\"image\":{\"@id\":\"https:\/\/www.ecoledelapaix.org\/wordpress\/#\/schema\/logo\/image\/\"}}]}<\/script>\n<!-- \/ Yoast SEO plugin. -->","yoast_head_json":{"title":"Actions \u00e0 l'international - Ensemble,","robots":{"index":"index","follow":"follow","max-snippet":"max-snippet:-1","max-image-preview":"max-image-preview:large","max-video-preview":"max-video-preview:-1"},"canonical":"https:\/\/www.ecoledelapaix.org\/wordpress\/actions-a-linternational\/","og_locale":"fr_FR","og_type":"article","og_title":"Actions \u00e0 l'international - Ensemble,","og_description":"&gt; Le P\u00f4le de Solidarit\u00e9 Internationale Le P\u00f4le de solidarit\u00e9 internationale, inaugur\u00e9 en 2019 au&nbsp;5 rue Garcia-Lorca, dans des locaux","og_url":"https:\/\/www.ecoledelapaix.org\/wordpress\/actions-a-linternational\/","og_site_name":"Ensemble,","article_modified_time":"2023-03-06T08:36:41+00:00","og_image":[{"url":"https:\/\/www.ecoledelapaix.org\/wordpress\/wp-content\/uploads\/2023\/03\/PSI.png","type":"","width":"","height":""}],"twitter_card":"summary_large_image","twitter_misc":{"Dur\u00e9e de lecture estim\u00e9e":"2 minutes"},"schema":{"@context":"https:\/\/schema.org","@graph":[{"@type":"WebPage","@id":"https:\/\/www.ecoledelapaix.org\/wordpress\/actions-a-linternational\/","url":"https:\/\/www.ecoledelapaix.org\/wordpress\/actions-a-linternational\/","name":"Actions \u00e0 l'international - Ensemble,","isPartOf":{"@id":"https:\/\/www.ecoledelapaix.org\/wordpress\/#website"},"primaryImageOfPage":{"@id":"https:\/\/www.ecoledelapaix.org\/wordpress\/actions-a-linternational\/#primaryimage"},"image":{"@id":"https:\/\/www.ecoledelapaix.org\/wordpress\/actions-a-linternational\/#primaryimage"},"thumbnailUrl":"https:\/\/www.ecoledelapaix.org\/wordpress\/wp-content\/uploads\/2023\/03\/PSI.png","datePublished":"2023-02-14T14:32:56+00:00","dateModified":"2023-03-06T08:36:41+00:00","breadcrumb":{"@id":"https:\/\/www.ecoledelapaix.org\/wordpress\/actions-a-linternational\/#breadcrumb"},"inLanguage":"fr-FR","potentialAction":[{"@type":"ReadAction","target":["https:\/\/www.ecoledelapaix.org\/wordpress\/actions-a-linternational\/"]}]},{"@type":"ImageObject","inLanguage":"fr-FR","@id":"https:\/\/www.ecoledelapaix.org\/wordpress\/actions-a-linternational\/#primaryimage","url":"https:\/\/www.ecoledelapaix.org\/wordpress\/wp-content\/uploads\/2023\/03\/PSI.png","contentUrl":"https:\/\/www.ecoledelapaix.org\/wordpress\/wp-content\/uploads\/2023\/03\/PSI.png","width":240,"height":172},{"@type":"BreadcrumbList","@id":"https:\/\/www.ecoledelapaix.org\/wordpress\/actions-a-linternational\/#breadcrumb","itemListElement":[{"@type":"ListItem","position":1,"name":"Accueil","item":"http:\/\/www.ecoledelapaix.org\/wordpress\/"},{"@type":"ListItem","position":2,"name":"Actions \u00e0 l&rsquo;international"}]},{"@type":"WebSite","@id":"https:\/\/www.ecoledelapaix.org\/wordpress\/#website","url":"https:\/\/www.ecoledelapaix.org\/wordpress\/","name":"Ensemble,","description":"agissons pour la paix par l&#039;\u00e9ducation","publisher":{"@id":"https:\/\/www.ecoledelapaix.org\/wordpress\/#organization"},"potentialAction":[{"@type":"SearchAction","target":{"@type":"EntryPoint","urlTemplate":"https:\/\/www.ecoledelapaix.org\/wordpress\/?s={search_term_string}"},"query-input":{"@type":"PropertyValueSpecification","valueRequired":true,"valueName":"search_term_string"}}],"inLanguage":"fr-FR"},{"@type":"Organization","@id":"https:\/\/www.ecoledelapaix.org\/wordpress\/#organization","name":"\u00c9cole de la paix","url":"https:\/\/www.ecoledelapaix.org\/wordpress\/","logo":{"@type":"ImageObject","inLanguage":"fr-FR","@id":"https:\/\/www.ecoledelapaix.org\/wordpress\/#\/schema\/logo\/image\/","url":"https:\/\/www.ecoledelapaix.org\/wordpress\/wp-content\/uploads\/2022\/01\/cropped-LOGO.png","contentUrl":"https:\/\/www.ecoledelapaix.org\/wordpress\/wp-content\/uploads\/2022\/01\/cropped-LOGO.png","width":200,"height":85,"caption":"\u00c9cole de la paix"},"image":{"@id":"https:\/\/www.ecoledelapaix.org\/wordpress\/#\/schema\/logo\/image\/"}}]}},"_links":{"self":[{"href":"https:\/\/www.ecoledelapaix.org\/wordpress\/wp-json\/wp\/v2\/pages\/938","targetHints":{"allow":["GET"]}}],"collection":[{"href":"https:\/\/www.ecoledelapaix.org\/wordpress\/wp-json\/wp\/v2\/pages"}],"about":[{"href":"https:\/\/www.ecoledelapaix.org\/wordpress\/wp-json\/wp\/v2\/types\/page"}],"author":[{"embeddable":true,"href":"https:\/\/www.ecoledelapaix.org\/wordpress\/wp-json\/wp\/v2\/users\/4"}],"replies":[{"embeddable":true,"href":"https:\/\/www.ecoledelapaix.org\/wordpress\/wp-json\/wp\/v2\/comments?post=938"}],"version-history":[{"count":4,"href":"https:\/\/www.ecoledelapaix.org\/wordpress\/wp-json\/wp\/v2\/pages\/938\/revisions"}],"predecessor-version":[{"id":1158,"href":"https:\/\/www.ecoledelapaix.org\/wordpress\/wp-json\/wp\/v2\/pages\/938\/revisions\/1158"}],"wp:attachment":[{"href":"https:\/\/www.ecoledelapaix.org\/wordpress\/wp-json\/wp\/v2\/media?parent=938"}],"curies":[{"name":"wp","href":"https:\/\/api.w.org\/{rel}","templated":true}]}}